{"id":11189,"date":"2024-06-27T19:04:07","date_gmt":"2024-06-27T17:04:07","guid":{"rendered":"http:\/\/&#038;p=11189"},"modified":"2025-12-02T21:58:55","modified_gmt":"2025-12-02T20:58:55","slug":"","status":"publish","type":"okitalk_video","link":"https:\/\/okitalk.news\/es\/video\/nancy-mandody-werte-tugend-und-jugend-teil-1\/","title":{"rendered":"Nancy Mandody \u2013 \"Valores Virtud y Juventud\" \u2013 Parte 1","raw":"Nancy Mandody \u2013 \"Valores Virtud y Juventud\" \u2013 Parte 1"},"content":{"rendered":"\n<p>\u201e<strong>Valores, Virtud y Juventud\u201c<\/strong><\/p>\n\n\n\n<p>Nancy Mandody invita a una nueva serie de programas <strong>\u201eValores, Virtud y Juventud\u201c<\/strong>, un intercambio intergeneracional sobre las hermosas virtudes de la cultura alemana y del \u00e1rea DACH.<\/p>\n\n\n\n<p>Crecida en un entorno internacional y multiling\u00fce, Nancy tiene una perspectiva externa especial que le gusta compartir con nosotros, y es una cuesti\u00f3n de coraz\u00f3n para ella comparar los sistemas de valores de los d\u00edas pasados con los de la actualidad, de manera intergeneracional, conectando as\u00ed a muchos grupos de edad.<\/p>\n\n\n\n<p><em>Si actuamos siempre de acuerdo con nuestras virtudes, tendremos paz en la tierra. Debemos redescubrir y recalibrar nuestro \u201ccomp\u00e1s de valores interno\u201d.<\/em><\/p>\n\n\n\n<p>Una particularidad de esta serie de programas es la reuni\u00f3n de <strong>diferentes generaciones<\/strong>, mayores y j\u00f3venes, que comparten sus puntos de vista, impresiones y sentimientos. Comprensi\u00f3n en lugar de malentendidos, conexi\u00f3n en lugar de divisi\u00f3n, intercambio en lugar de discordia. A esto se suma la ya mencionada perspectiva externa, que ofrece una visi\u00f3n internacional sobre el tema en cuesti\u00f3n.<\/p>\n\n\n\n<p>Cada programa iluminar\u00e1 <em>una virtud<\/em> desde tantas perspectivas como sea posible, con opiniones diferentes o quiz\u00e1s similares.<\/p>\n\n\n\n<p><em>\u00bfCu\u00e1les son las virtudes? \u00bfSe viven, se act\u00faa de acuerdo a ellas?<\/em><\/p>\n\n\n\n<p><em>Si es as\u00ed, \u00bfcu\u00e1ndo y c\u00f3mo? Si no, \u00bfd\u00f3nde han quedado?<\/em><\/p>\n\n\n\n<p><em>\u00bfC\u00f3mo es vivir nuestras virtudes y, si no lo logramos, qu\u00e9 nos impide hacerlo?<\/em><\/p>\n\n\n\n<p><em>\u00bfC\u00f3mo podemos fortalecer m\u00e1s nuestras virtudes en nosotros y as\u00ed vivirlas?<\/em><\/p>\n\n\n\n<p>Estas y otras preguntas se plantear\u00e1n para su iluminaci\u00f3n y discusi\u00f3n.<\/p>\n\n\n\n<p>En el primer programa, el tema ser\u00e1 <strong>\u201eValor\u201c<\/strong>.<\/p>\n\n\n\n<p>Podemos esperar un intercambio interesante e inspirador con el latido del coraz\u00f3n desde tres perspectivas diferentes, tres mundos distintos: la generaci\u00f3n mayor, la generaci\u00f3n joven y la perspectiva externa.<\/p>\n\n\n\n<p>Est\u00e9n con nosotros el 11 de julio de 2024 a las 19:00 horas en OKiTALK para el primer programa de la serie <strong>\u201eValores, Virtud y Juventud\u201c<\/strong> de Nancy Mandody con <em>Catherine Thurner, Helena Thurner, Michael von BLOG-M, Oliver Kloth, Davis Feustel<\/em> y <em>Lionel Korn<\/em>.<\/p>\n\n\n\n<p><strong>Datos de contacto de Nancy Mandody:<\/strong><\/p>\n\n\n\n<p><strong>Email: <a href=\"mailto:Nancy@Friedensprojekt.info\">Nancy@Friedensprojekt.info<\/a><br>Sitio web: <a href=\"http:\/\/www.Friedensprojekt.info\">www.Friedensprojekt.info<\/a><\/strong><\/p>\n\n\n\n<p><strong>Telegram:<br>Servido para Despertar <a href=\"https:\/\/t.me\/auf_getischt\">https:\/\/t.me\/auf_getischt<\/a><br>Servido para Despertar: Palabras Perdidas <a href=\"https:\/\/t.me\/aufgetischt_verlorenewoerter\">https:\/\/t.me\/aufgetischt_verlorenewoerter<\/a><\/strong><\/p>\n\n\n\n<p><strong>La \ud83d\udfe2\ud83d\udfe1\ud83d\udfe3VOLICI\u00d3N\ud83d\udfe3\ud83d\udfe1\ud83d\udfe2 viene\u2026<\/strong><\/p>\n\n\n\n<p><strong>02-04 de agosto de 2024<br>M\u00fchlhausen\/ Turingia<\/strong><\/p>\n\n\n\n<p><strong>Toda la informaci\u00f3n previa, inscripci\u00f3n y reserva a trav\u00e9s de<\/strong><br><strong><a href=\"http:\/\/www.volition14.at\">www.volition14.at<\/a><\/strong><\/p>\n\n\n\n<p><strong>\ud83d\udfe2Nos \ud83d\udfe1vemos \ud83d\udfe3&#8230;<\/strong><\/p>\n\n\n","protected":false,"raw":"<!-- wp:paragraph -->\n<p>\u201e<strong>Valores, Virtud y Juventud\u201c<\/strong><\/p>\n<!-- \/wp:paragraph -->\n\n<!-- wp:paragraph -->\n<p>Nancy Mandody invita a una nueva serie de programas <strong>\u201eValores, Virtud y Juventud\u201c<\/strong>, un intercambio intergeneracional sobre las hermosas virtudes de la cultura alemana y del \u00e1rea DACH.<\/p>\n<!-- \/wp:paragraph -->\n\n<!-- wp:paragraph -->\n<p>Crecida en un entorno internacional y multiling\u00fce, Nancy tiene una perspectiva externa especial que le gusta compartir con nosotros, y es una cuesti\u00f3n de coraz\u00f3n para ella comparar los sistemas de valores de los d\u00edas pasados con los de la actualidad, de manera intergeneracional, conectando as\u00ed a muchos grupos de edad.<\/p>\n<!-- \/wp:paragraph -->\n\n<!-- wp:paragraph -->\n<p><em>Si actuamos siempre de acuerdo con nuestras virtudes, tendremos paz en la tierra. Debemos redescubrir y recalibrar nuestro \u201ccomp\u00e1s de valores interno\u201d.<\/em><\/p>\n<!-- \/wp:paragraph -->\n\n<!-- wp:paragraph -->\n<p>Una particularidad de esta serie de programas es la reuni\u00f3n de <strong>diferentes generaciones<\/strong>, mayores y j\u00f3venes, que comparten sus puntos de vista, impresiones y sentimientos. Comprensi\u00f3n en lugar de malentendidos, conexi\u00f3n en lugar de divisi\u00f3n, intercambio en lugar de discordia. A esto se suma la ya mencionada perspectiva externa, que ofrece una visi\u00f3n internacional sobre el tema en cuesti\u00f3n.<\/p>\n<!-- \/wp:paragraph -->\n\n<!-- wp:paragraph -->\n<p>Cada programa iluminar\u00e1 <em>una virtud<\/em> desde tantas perspectivas como sea posible, con opiniones diferentes o quiz\u00e1s similares.<\/p>\n<!-- \/wp:paragraph -->\n\n<!-- wp:paragraph -->\n<p><em>\u00bfCu\u00e1les son las virtudes? \u00bfSe viven, se act\u00faa de acuerdo a ellas?<\/em><\/p>\n<!-- \/wp:paragraph -->\n\n<!-- wp:paragraph -->\n<p><em>Si es as\u00ed, \u00bfcu\u00e1ndo y c\u00f3mo? Si no, \u00bfd\u00f3nde han quedado?<\/em><\/p>\n<!-- \/wp:paragraph -->\n\n<!-- wp:paragraph -->\n<p><em>\u00bfC\u00f3mo es vivir nuestras virtudes y, si no lo logramos, qu\u00e9 nos impide hacerlo?<\/em><\/p>\n<!-- \/wp:paragraph -->\n\n<!-- wp:paragraph -->\n<p><em>\u00bfC\u00f3mo podemos fortalecer m\u00e1s nuestras virtudes en nosotros y as\u00ed vivirlas?<\/em><\/p>\n<!-- \/wp:paragraph -->\n\n<!-- wp:paragraph -->\n<p>Estas y otras preguntas se plantear\u00e1n para su iluminaci\u00f3n y discusi\u00f3n.<\/p>\n<!-- \/wp:paragraph -->\n\n<!-- wp:paragraph -->\n<p>En el primer programa, el tema ser\u00e1 <strong>\u201eValor\u201c<\/strong>.<\/p>\n<!-- \/wp:paragraph -->\n\n<!-- wp:paragraph -->\n<p>Podemos esperar un intercambio interesante e inspirador con el latido del coraz\u00f3n desde tres perspectivas diferentes, tres mundos distintos: la generaci\u00f3n mayor, la generaci\u00f3n joven y la perspectiva externa.<\/p>\n<!-- \/wp:paragraph -->\n\n<!-- wp:paragraph -->\n<p>Est\u00e9n con nosotros el 11 de julio de 2024 a las 19:00 horas en OKiTALK para el primer programa de la serie <strong>\u201eValores, Virtud y Juventud\u201c<\/strong> de Nancy Mandody con <em>Catherine Thurner, Helena Thurner, Michael von BLOG-M, Oliver Kloth, Davis Feustel<\/em> y <em>Lionel Korn<\/em>.<\/p>\n<!-- \/wp:paragraph -->\n\n<!-- wp:paragraph -->\n<p><strong>Datos de contacto de Nancy Mandody:<\/strong><\/p>\n<!-- \/wp:paragraph -->\n\n<!-- wp:paragraph -->\n<p><strong>Email: <a href=\"mailto:Nancy@Friedensprojekt.info\">Nancy@Friedensprojekt.info<\/a><br>Sitio web: <a href=\"http:\/\/www.Friedensprojekt.info\">www.Friedensprojekt.info<\/a><\/strong><\/p>\n<!-- \/wp:paragraph -->\n\n<!-- wp:paragraph -->\n<p><strong>Telegram:<br>Servido para Despertar <a href=\"https:\/\/t.me\/auf_getischt\">https:\/\/t.me\/auf_getischt<\/a><br>Servido para Despertar: Palabras Perdidas <a href=\"https:\/\/t.me\/aufgetischt_verlorenewoerter\">https:\/\/t.me\/aufgetischt_verlorenewoerter<\/a><\/strong><\/p>\n<!-- \/wp:paragraph -->\n\n<!-- wp:paragraph -->\n<p><strong>La \ud83d\udfe2\ud83d\udfe1\ud83d\udfe3VOLICI\u00d3N\ud83d\udfe3\ud83d\udfe1\ud83d\udfe2 viene\u2026<\/strong><\/p>\n<!-- \/wp:paragraph -->\n\n<!-- wp:paragraph -->\n<p><strong>02-04 de agosto de 2024<br>M\u00fchlhausen\/ Turingia<\/strong><\/p>\n<!-- \/wp:paragraph -->\n\n<!-- wp:paragraph -->\n<p><strong>Toda la informaci\u00f3n previa, inscripci\u00f3n y reserva a trav\u00e9s de<\/strong><br><strong><a href=\"http:\/\/www.volition14.at\">www.volition14.at<\/a><\/strong><\/p>\n<!-- \/wp:paragraph -->\n\n<!-- wp:paragraph -->\n<p><strong>\ud83d\udfe2Nos \ud83d\udfe1vemos \ud83d\udfe3...<\/strong><\/p>\n<!-- \/wp:paragraph -->\n\n<!-- wp:block {\"ref\":9677} \/-->"},"excerpt":{"rendered":"","protected":false,"raw":""},"featured_media":11190,"menu_order":0,"comment_status":"open","ping_status":"closed","template":"","tags":[],"okitalk_topic":[23,16,22],"okitalk_guest":[],"class_list":["post-11189","okitalk_video","type-okitalk_video","status-publish","has-post-thumbnail","hentry","okitalk_topic-culture-identity-travel","okitalk_topic-okitalk-international","okitalk_topic-politics-geopolitics"],"meta":{"_en_post_content":"<!-- wp:paragraph -->\n<p>\u201e<strong>Values Virtue and Youth\u201c<\/strong><\/p>\n<!-- \/wp:paragraph -->\n\n<!-- wp:paragraph -->\n<p>Nancy Mandody invites to a new series <strong>\u201eValues Virtue and Youth\u201c<\/strong>, a cross-generational exchange about the beautiful virtues of German-\/DACH culture.<\/p>\n<!-- \/wp:paragraph -->\n\n<!-- wp:paragraph -->\n<p>Growing up internationally and multilingual, Nancy has a special external perspective that she is happy to share with us, and it is a matter close to her heart to compare the value systems of past days with those of the present across generations \u2013 thus connecting many age groups.<\/p>\n<!-- \/wp:paragraph -->\n\n<!-- wp:paragraph -->\n<p><em>If we always act according to our virtues, we have peace on earth. We may rediscover and recalibrate our \u201cInner Values Compass\u201d.<\/em><\/p>\n<!-- \/wp:paragraph -->\n\n<!-- wp:paragraph -->\n<p>A special feature of this series is the combination of <strong>different generations<\/strong>, older and younger, who share their viewpoints, impressions, and feelings with each other. Understanding instead of misunderstanding, connection instead of division, exchange instead of discord. In addition, there is the aforementioned external perspective that offers an international view on the respective topic.<\/p>\n<!-- \/wp:paragraph -->\n\n<!-- wp:paragraph -->\n<p>Each episode will <em>illuminate a virtue<\/em> from as many perspectives as possible with different or perhaps similar opinions.<\/p>\n<!-- \/wp:paragraph -->\n\n<!-- wp:paragraph -->\n<p><em>What are the virtues? Are they lived, are they acted upon?<\/em><\/p>\n<!-- \/wp:paragraph -->\n\n<!-- wp:paragraph -->\n<p><em>If so, when and how? If not, where have they gone?<\/em><\/p>\n<!-- \/wp:paragraph -->\n\n<!-- wp:paragraph -->\n<p><em>What is it like to live our virtues and if we do not succeed, what hinders us?<\/em><\/p>\n<!-- \/wp:paragraph -->\n\n<!-- wp:paragraph -->\n<p><em>How can we solidify our virtues more within ourselves and thus live them?<\/em><\/p>\n<!-- \/wp:paragraph -->\n\n<!-- wp:paragraph -->\n<p>These and other questions will be posed for illumination and discussed.<\/p>\n<!-- \/wp:paragraph -->\n\n<!-- wp:paragraph -->\n<p>In the first episode, <strong>\u201cCourage\u201d<\/strong> will be the topic.<\/p>\n<!-- \/wp:paragraph -->\n\n<!-- wp:paragraph -->\n<p>We can look forward to an interesting and inspiring exchange with heartfelt rhythms from three different perspectives, three different worlds: the older generation, the younger generation, and the external perspective.<\/p>\n<!-- \/wp:paragraph -->\n\n<!-- wp:paragraph -->\n<p>Feel free to join on July 11, 2024, at 7:00 PM at OKiTALK for the first episode of the series <strong>\u201eValues Virtue and Youth\u201c<\/strong> by Nancy Mandody with <em>Catherine Thurner, Helena Thurner, Michael von BLOG-M, Oliver Kloth, Davis Feustel<\/em> and <em>Lionel Korn<\/em>.<\/p>\n<!-- \/wp:paragraph -->\n\n<!-- wp:paragraph -->\n<p><strong>Nancy Mandody contact details:<\/strong><\/p>\n<!-- \/wp:paragraph -->\n\n<!-- wp:paragraph -->\n<p><strong>Email: <a href=\"mailto:Nancy@Friedensprojekt.info\">Nancy@Friedensprojekt.info<\/a><br>Website: <a href=\"http:\/\/www.Friedensprojekt.info\">www.Friedensprojekt.info<\/a><\/strong><\/p>\n<!-- \/wp:paragraph -->\n\n<!-- wp:paragraph -->\n<p><strong>Telegram:<br>Aufgetischt zum Aufwachen <a href=\"https:\/\/t.me\/auf_getischt\">https:\/\/t.me\/auf_getischt<\/a><br>Aufgetischt zum Aufwachen: Verlorene W\u00f6rter <a href=\"https:\/\/t.me\/aufgetischt_verlorenewoerter\">https:\/\/t.me\/aufgetischt_verlorenewoerter<\/a><\/strong><\/p>\n<!-- \/wp:paragraph -->\n\n<!-- wp:paragraph -->\n<p><strong>The \ud83d\udfe2\ud83d\udfe1\ud83d\udfe3VOLITION\ud83d\udfe3\ud83d\udfe1\ud83d\udfe2 is coming\u2026<\/strong><\/p>\n<!-- \/wp:paragraph -->\n\n<!-- wp:paragraph -->\n<p><strong>August 2-4, 2024<br>M\u00fchlhausen\/ Thuringia<\/strong><\/p>\n<!-- \/wp:paragraph -->\n\n<!-- wp:paragraph -->\n<p><strong>All preliminary information, registration, and booking via<\/strong><br><strong><a href=\"http:\/\/www.volition14.at\">www.volition14.at<\/a><\/strong><\/p>\n<!-- \/wp:paragraph -->\n\n<!-- wp:paragraph -->\n<p><strong>\ud83d\udfe2We \ud83d\udfe1will \ud83d\udfe3see \ud83d\udfe3each other\u2026.<\/strong><\/p>\n<!-- \/wp:paragraph -->\n\n<!-- wp:block {\"ref\":9677} \/-->","_en_post_excerpt":"","_en_post_title":"Nancy Mandody \u2013 \"Values Virtue and Youth\" \u2013 Part 1","_en_post_name":"","_de_post_content":"<!-- wp:paragraph -->\n<p>\u201e<strong>Werte Tugend und Jugend\u201c<\/strong><\/p>\n<!-- \/wp:paragraph -->\n\n<!-- wp:paragraph -->\n<p>Nancy Mandody l\u00e4dt zu einer neuen Sendereihe <strong>\u201eWerte Tugend und Jugend\u201c<\/strong>, einem generations\u00fcbergreifenden Austausch \u00fcber die wundersch\u00f6nen Tugenden des Deutsch-\/DACHtums, ein.<\/p>\n<!-- \/wp:paragraph -->\n\n\n\n<!-- wp:paragraph -->\n<p>International und mehrsprachig aufgewachsen, verf\u00fcgt Nancy \u00fcber eine besondere Au\u00dfenperspektive, die sie gerne mit uns teilt, und es ist ihr eine Herzensangelegenheit, generations\u00fcbergreifend \u2013 und somit viele Altersgruppen verbindend \u2013 die Wertesysteme der vergangenen Tage mit denen der Gegenwart zu vergleichen.<\/p>\n<!-- \/wp:paragraph -->\n\n<!-- wp:paragraph -->\n<p><em>Wenn wir stets gem\u00e4\u00df unseren Tugenden handeln, haben wir Frieden auf Erden. Wir d\u00fcrfen unseren \u201eInneren Werte-Kompass\u201c wiederfinden und neu eichen.<\/em><\/p>\n<!-- \/wp:paragraph -->\n\n<!-- wp:paragraph -->\n<p>Eine Besonderheit an dieser Sendereihe ist die Zusammenf\u00fcgung von <strong>unterschiedlichen Generationen<\/strong>, \u00e4ltere und j\u00fcngere, die ihre Sichtweisen, Eindr\u00fccke und Empfindungen miteinander teilen. Verst\u00e4ndnis statt Mi\u00dfverst\u00e4ndnis, Verbundenheit statt Spaltung, Austausch statt Zwist. Hinzu kommt die bereits genannte Au\u00dfenperspektive, die eine internationale Sicht auf das jeweilige Thema bietet.<\/p>\n<!-- \/wp:paragraph -->\n\n<!-- wp:paragraph -->\n<p>Jede Sendung wird <em>eine Tugend<\/em> aus m\u00f6glichst vielen Perspektiven mit unterschiedlichen oder vielleicht auch \u00e4hnlichen Meinungen beleuchten.<\/p>\n<!-- \/wp:paragraph -->\n\n<!-- wp:paragraph -->\n<p><em>Was sind die Tugenden? Werden sie gelebt, wird nach ihnen gehandelt?<\/em><\/p>\n<!-- \/wp:paragraph -->\n\n<!-- wp:paragraph -->\n<p><em>Wenn ja, wann und wie? Wenn nein, wo sind sie geblieben?<\/em><\/p>\n<!-- \/wp:paragraph -->\n\n<!-- wp:paragraph -->\n<p><em>Wie ist es, unsere Tugenden zu leben und falls uns dies nicht gelingt, was hindert uns daran?<\/em><\/p>\n<!-- \/wp:paragraph -->\n\n<!-- wp:paragraph -->\n<p><em>Wie k\u00f6nnen wir unsere Tugenden mehr in uns festigen und somit leben?<\/em><\/p>\n<!-- \/wp:paragraph -->\n\n<!-- wp:paragraph -->\n<p>Diese und weitere Fragen werden zur Beleuchtung in den Raum gestellt und er\u00f6rtert.<\/p>\n<!-- \/wp:paragraph -->\n\n<!-- wp:paragraph -->\n<p>In der ersten Sendung wird <strong>\u201eMut\u201c<\/strong> das Thema sein.<\/p>\n<!-- \/wp:paragraph -->\n\n<!-- wp:paragraph -->\n<p>Wir k\u00f6nnen uns auf einen interessanten und inspirierenden Austausch mit Herzenstakt aus drei verschiedenen Blickwinkeln, drei unterschiedlichen Welten freuen: der \u00e4lteren Generation, der jungen Generation und der Au\u00dfenperspektive.<\/p>\n<!-- \/wp:paragraph -->\n\n<!-- wp:paragraph -->\n<p>Seid gerne mit dabei am 11. Juli 2024 um 19:00 Uhr bei OKiTALK bei der ersten Sendung aus der Reihe <strong>\u201eWerte Tugend und Jugend\u201c<\/strong> von Nancy Mandody mit <em>Catherine Thurner, Helena Thurner, Michael von BLOG-M, Oliver Kloth, Davis Feustel<\/em> und <em>Lionel Korn<\/em>.<\/p>\n<!-- \/wp:paragraph -->\n\n<!-- wp:paragraph -->\n<p><strong>Nancy Mandody Kontaktdaten:<\/strong><\/p>\n<!-- \/wp:paragraph -->\n\n<!-- wp:paragraph -->\n<p><strong>Email: <a href=\"mailto:Nancy@Friedensprojekt.info\">Nancy@Friedensprojekt.info<\/a><br>Webseite: <a href=\"http:\/\/www.Friedensprojekt.info\">www.Friedensprojekt.info<\/a><\/strong><\/p>\n<!-- \/wp:paragraph -->\n\n<!-- wp:paragraph -->\n<p><strong>Telegram:<br>Aufgetischt zum Aufwachen <a href=\"https:\/\/t.me\/auf_getischt\">https:\/\/t.me\/auf_getischt<\/a><br>Aufgetischt zum Aufwachen: Verlorene W\u00f6rter <a href=\"https:\/\/t.me\/aufgetischt_verlorenewoerter\">https:\/\/t.me\/aufgetischt_verlorenewoerter<\/a><\/strong><\/p>\n<!-- \/wp:paragraph -->\n\n<!-- wp:paragraph -->\n<p><strong>Die \ud83d\udfe2\ud83d\udfe1\ud83d\udfe3VOLITION\ud83d\udfe3\ud83d\udfe1\ud83d\udfe2 kommt\u2026<\/strong><\/p>\n<!-- \/wp:paragraph -->\n\n<!-- wp:paragraph -->\n<p><strong>02.-04.August 2024<br>M\u00fchlhausen\/ Th\u00fcringen<\/strong><\/p>\n<!-- \/wp:paragraph -->\n\n<!-- wp:paragraph -->\n<p><strong>Alle Vorabinfos, Anmeldung und Buchung via<\/strong><br><strong><a href=\"http:\/\/www.volition14.at\">www.volition14.at<\/a><\/strong><\/p>\n<!-- \/wp:paragraph -->\n\n<!-- wp:paragraph -->\n<p><strong>\ud83d\udfe2Wir \ud83d\udfe1sehen \ud83d\udfe3uns\u2026.<\/strong><\/p>\n<!-- \/wp:paragraph -->\n\n<!-- wp:block {\"ref\":9677} \/-->","_de_post_excerpt":"","_de_post_title":"Nancy Mandody \u2013 \u201eWerte Tugend und Jugend\u201c \u2013 Teil 1","_de_post_name":"nancy-mandody-werte-tugend-und-jugend-teil-1","edit_language":"es"},"_links":{"self":[{"href":"https:\/\/okitalk.news\/es\/wp-json\/wp\/v2\/okitalk_video\/11189","targetHints":{"allow":["GET"]}}],"collection":[{"href":"https:\/\/okitalk.news\/es\/wp-json\/wp\/v2\/okitalk_video"}],"about":[{"href":"https:\/\/okitalk.news\/es\/wp-json\/wp\/v2\/types\/okitalk_video"}],"replies":[{"embeddable":true,"href":"https:\/\/okitalk.news\/es\/wp-json\/wp\/v2\/comments?post=11189"}],"version-history":[{"count":0,"href":"https:\/\/okitalk.news\/es\/wp-json\/wp\/v2\/okitalk_video\/11189\/revisions"}],"wp:featuredmedia":[{"embeddable":true,"href":"https:\/\/okitalk.news\/es\/wp-json\/wp\/v2\/media\/11190"}],"wp:attachment":[{"href":"https:\/\/okitalk.news\/es\/wp-json\/wp\/v2\/media?parent=11189"}],"wp:term":[{"taxonomy":"post_tag","embeddable":true,"href":"https:\/\/okitalk.news\/es\/wp-json\/wp\/v2\/tags?post=11189"},{"taxonomy":"okitalk_topic","embeddable":true,"href":"https:\/\/okitalk.news\/es\/wp-json\/wp\/v2\/okitalk_topic?post=11189"},{"taxonomy":"okitalk_guest","embeddable":true,"href":"https:\/\/okitalk.news\/es\/wp-json\/wp\/v2\/okitalk_guest?post=11189"}],"curies":[{"name":"wp","href":"https:\/\/api.w.org\/{rel}","templated":true}]}}