{"id":10917,"date":"2024-04-03T16:02:36","date_gmt":"2024-04-03T14:02:36","guid":{"rendered":"http:\/\/&#038;p=10917"},"modified":"2025-12-12T02:00:09","modified_gmt":"2025-12-12T01:00:09","slug":"","status":"publish","type":"okitalk_video","link":"https:\/\/okitalk.news\/es\/video\/manifestation-der-neuen-erde-mit-dieter-broers-2\/","title":{"rendered":"MANIFESTACI\u00d3N DE LA NUEVA TIERRA \u2013 CON DIETER BROERS","raw":"MANIFESTACI\u00d3N DE LA NUEVA TIERRA \u2013 CON DIETER BROERS"},"content":{"rendered":"\n<p>7.+ 8. abril de 2024 Juntos utilizamos el superpoder del eclipse solar<\/p>\n\n\n\n<p>El 8 de abril tendr\u00e1 lugar un eclipse solar extraordinariamente poderoso,<\/p>\n\n\n\n<p>que ya env\u00eda sus presagios a la Tierra el 7 de abril.<\/p>\n\n\n\n<p>\u00a1Y aprovechamos esta maravillosa oportunidad junto a ti!<\/p>\n\n\n\n<p>Por qu\u00e9 en este intervalo de tiempo tenemos una mayor capacidad de manifestaci\u00f3n,<\/p>\n\n\n\n<p>te lo explica Dieter Broers a continuaci\u00f3n en la invitaci\u00f3n<\/p>\n\n\n\n<p>y tambi\u00e9n puedes leerlo en un art\u00edculo muy interesante<br><a href=\"https:\/\/livingearth.one\/solution\/1712142653420x438593452388122600\" target=\"_blank\" rel=\"noreferrer noopener\"><u>del Prof. Dr. Meyl<\/u><\/a><\/p>\n\n\n\n<p>.<\/p>\n\n\n\n<p>Participa<\/p>\n\n\n\n<p><strong>el 7 de abril a las 17:30<\/strong><\/p>\n\n\n\n<p><strong>y<\/strong><\/p>\n\n\n\n<p><strong>el 8 de abril a las 19:00<\/strong><\/p>\n\n\n\n<p>Dieter Broers nos aclarar\u00e1 sobre la fuerza y el significado de este evento.<\/p>\n\n\n\n<p>Despu\u00e9s, nos guiar\u00e1 en una meditaci\u00f3n poderosa,<\/p>\n\n\n\n<p>conect\u00e1ndonos con la fuerza primordial del sol y llen\u00e1ndonos de amor y alegr\u00eda.<\/p>\n\n\n\n<p>Con la fuerza de manifestaci\u00f3n as\u00ed fortalecida y concentrada<\/p>\n\n\n\n<p>nos conectamos con la hermosa visi\u00f3n del<br><a href=\"https:\/\/livingearth.one\/manifest-der-neuen-erde\" target=\"_blank\" rel=\"noreferrer noopener\"><u>MANIFIESTO DE LA NUEVA TIERRA<\/u><\/a><\/p>\n\n\n\n<p>y la atraemos a nuestra realidad.<\/p>\n\n\n\n<p>Cada uno de ustedes ver\u00e1 internamente los paisajes y \u00e1reas de vida de esta maravillosa Tierra,<\/p>\n\n\n\n<p>los escuchar\u00e1, los sentir\u00e1, oler\u00e1 sus fragancias y los degustar\u00e1.<\/p>\n\n\n\n<p>As\u00ed nos convertiremos en imanes para el para\u00edso que nuestro coraz\u00f3n ha deseado durante tanto tiempo.<\/p>\n\n\n\n<p>Nosotros AMAMOS la Tierra 2.0,<\/p>\n\n\n\n<p>como le gusta decir a Dieter.<\/p>\n\n\n\n<p><strong>DIETER BROERS ESCRIBE SOBRE ESTA CALIDAD DE TIEMPO ESPECIAL<\/strong><\/p>\n\n\n\n<p><strong>Y SUS OPORTUNIDADES PARA LA MANIFESTACI\u00d3N DE LA TIERRA 2.0:<\/strong><\/p>\n\n\n\n<p>El 8 de abril se nos presenta un evento extraordinariamente poderoso, donde <strong>por ejemplo<\/strong> una cantidad inconcebible de neutrinos nos afectar\u00e1. <strong>Los neutrinos<\/strong> y los antineutrinos son las part\u00edculas m\u00e1s fundamentales de todas. <strong>\u00a1Todas las dem\u00e1s part\u00edculas se forman a partir de ellas!<\/strong> Podemos imaginar estos neutrinos como part\u00edculas et\u00e9reas.<\/p>\n\n\n\n<p>Seg\u00fan la Teor\u00eda de la Relatividad Compleja<a href=\"\/#_ftn1\" target=\"_blank\" rel=\"noreferrer noopener\">[1]<\/a> de Jean E. Charon, la imaginaci\u00f3n dirigida conscientemente es la energ\u00eda que hace que los electrones giren alrededor del n\u00facleo at\u00f3mico \u2013 y lo mantiene unido. Incluso el n\u00facleo at\u00f3mico es causado por un v\u00f3rtice de este tipo. Son los electrones giratorios los que est\u00e1n compuestos de part\u00edculas et\u00e9reas, los neutrinos.<\/p>\n\n\n\n<p>De qu\u00e9 manera tan especial los neutrinos est\u00e1n relacionados con un eclipse solar nos lo explica el especialista en neutrinos y f\u00edsico Prof. Dr.-Ing. Konstantin Meyl en su publicaci\u00f3n \u201c<strong>Concentraci\u00f3n de radiaci\u00f3n de neutrinos solares<\/strong><a href=\"\/#_ftn2\" target=\"_blank\" rel=\"noreferrer noopener\"><strong>[2]<\/strong><\/a><strong> a trav\u00e9s del efecto de lente del sol y consecuencias pr\u00e1cticas\u201d. <\/strong>Como ya expresa este t\u00edtulo, durante un eclipse solar, una cantidad extraordinaria de neutrinos nos afectar\u00e1 a nosotros y a la Tierra, ya que la luna en esta configuraci\u00f3n act\u00faa como una lente que concentra los neutrinos. Simplificando, esto significa que en este intervalo de tiempo el 8 de abril tendremos una mayor capacidad de manifestaci\u00f3n. Les recomiendo leer el art\u00edculo mencionado del profesor Meyl (incluido en el anexo).<\/p>\n\n\n\n<p>Queremos aprovechar esta oportunidad juntos contigo para manifestar la Nueva Tierra Viva.<\/p>\n\n\n\n<p><a href=\"\/#_ftnref1\" target=\"_blank\" rel=\"noreferrer noopener\"><em>[1]<\/em><\/a><em> El f\u00edsico Jean E. Charon elabor\u00f3 una extensi\u00f3n de la Teor\u00eda de la Relatividad General y Especial de Albert Einstein. Llam\u00f3 a su derivaci\u00f3n Teor\u00eda de la Relatividad Compleja.<\/em><\/p>\n\n\n\n<p><a href=\"\/#_ftnref2\" target=\"_blank\" rel=\"noreferrer noopener\"><em>[2]<\/em><\/a><strong><em>Los neutrinos<\/em><\/strong><em> y los antineutrinos son las part\u00edculas m\u00e1s fundamentales de todas. <\/em><strong><em>\u00a1Todas las dem\u00e1s part\u00edculas se forman a partir de ellas!<\/em><\/strong><em> Podemos imaginar estos neutrinos como part\u00edculas et\u00e9reas. La imaginaci\u00f3n dirigida conscientemente es la energ\u00eda que hace que los electrones giren alrededor del n\u00facleo at\u00f3mico \u2013 y lo mantiene unido. Incluso el n\u00facleo at\u00f3mico es causado por un v\u00f3rtice de este tipo. Son los electrones giratorios los que est\u00e1n compuestos de part\u00edculas et\u00e9reas, los neutrinos.<\/em><\/p>\n\n\n\n<p><a href=\"https:\/\/livingearth.one\/solution\/1712142653420x438593452388122600\" target=\"_blank\" rel=\"noreferrer noopener\">LEE AQU\u00cd<\/a><\/p>\n\n\n\n<p>el art\u00edculo extremadamente impresionante del Prof. Dr.-Ing. Konstantin Meyl sobre<br><a href=\"https:\/\/livingearth.one\/solution\/1712142653420x438593452388122600\" target=\"_blank\" rel=\"noreferrer noopener\"><u>LA CONCENTRACI\u00d3N DE RADIACI\u00d3N DE NEUTRINOS SOLARES <\/u><\/a><a href=\"https:\/\/livingearth.one\/solution\/1712142653420x438593452388122600\" target=\"_blank\" rel=\"noreferrer noopener\"><u>A TRAV\u00c9S DEL EFECTO DE LENTE DE LA LUNA <\/u><\/a><a href=\"https:\/\/livingearth.one\/solution\/1712142653420x438593452388122600\" target=\"_blank\" rel=\"noreferrer noopener\"><u>Y CONSECUENCIAS PR\u00c1CTICAS<\/u><\/a><\/p>\n\n\n\n<p>\ud83c\udf33\ud83c\udf33\ud83c\udf33 COMPARTE ESTE EVENTO CON TODOS TUS AMIGOS<\/p>\n\n\n\n<p>&#8211; CUANTO M\u00c1S SEAMOS, MAYOR SER\u00c1 NUESTRA FUERZA DE MANIFESTACI\u00d3N \ud83c\udf33\ud83c\udf33\ud83c\udf33<\/p>\n\n\n\n<p>\ud83c\udf33\ud83c\udf33\ud83c\udf33 INVITA A AMIGOS A TU CASA<\/p>\n\n\n\n<p>Y MANIFESTEMOS JUNTOS. \ud83c\udf33\ud83c\udf33\ud83c\udf33<\/p>\n\n\n\n<p>Ambos d\u00edas se dise\u00f1ar\u00e1n de manera individual.<\/p>\n\n\n\n<p>Esperamos verte<\/p>\n\n\n\n<p>Dieter Broers y el DreamTeam de LIVING EARTH<\/p>\n\n\n\n<p>\ud83d\udc49\ud83c\udffb \u00daNETE EL 7 DE ABRIL A LAS 17:30 Y EL 8 DE ABRIL A LAS 19:00 EN <a href=\"https:\/\/okitalk.news\/live-sendung\/\" target=\"_blank\" rel=\"noreferrer noopener\"><u>OKITALK<\/u><\/a><\/p>\n\n\n\n<p>UN \ud83d\udc48\ud83c\udffb<\/p>\n\n\n","protected":false,"raw":"<!-- wp:paragraph -->\n<p>7.+ 8. abril de 2024 Juntos utilizamos el superpoder del eclipse solar<\/p>\n<!-- \/wp:paragraph -->\n\n<!-- wp:paragraph -->\n<p>El 8 de abril tendr\u00e1 lugar un eclipse solar extraordinariamente poderoso,<\/p>\n<!-- \/wp:paragraph -->\n\n<!-- wp:paragraph -->\n<p>que ya env\u00eda sus presagios a la Tierra el 7 de abril.<\/p>\n<!-- \/wp:paragraph -->\n\n<!-- wp:paragraph -->\n<p>\u00a1Y aprovechamos esta maravillosa oportunidad junto a ti!<\/p>\n<!-- \/wp:paragraph -->\n\n<!-- wp:paragraph -->\n<p>Por qu\u00e9 en este intervalo de tiempo tenemos una mayor capacidad de manifestaci\u00f3n,<\/p>\n<!-- \/wp:paragraph -->\n\n<!-- wp:paragraph -->\n<p>te lo explica Dieter Broers a continuaci\u00f3n en la invitaci\u00f3n<\/p>\n<!-- \/wp:paragraph -->\n\n<!-- wp:paragraph -->\n<p>y tambi\u00e9n puedes leerlo en un art\u00edculo muy interesante<br><a href=\"https:\/\/livingearth.one\/solution\/1712142653420x438593452388122600\" target=\"_blank\" rel=\"noreferrer noopener\"><u>del Prof. Dr. Meyl<\/u><\/a><\/p>\n<!-- \/wp:paragraph -->\n\n<!-- wp:paragraph -->\n<p>.<\/p>\n<!-- \/wp:paragraph -->\n\n<!-- wp:paragraph -->\n<p>Participa<\/p>\n<!-- \/wp:paragraph -->\n\n<!-- wp:paragraph -->\n<p><strong>el 7 de abril a las 17:30<\/strong><\/p>\n<!-- \/wp:paragraph -->\n\n<!-- wp:paragraph -->\n<p><strong>y<\/strong><\/p>\n<!-- \/wp:paragraph -->\n\n<!-- wp:paragraph -->\n<p><strong>el 8 de abril a las 19:00<\/strong><\/p>\n<!-- \/wp:paragraph -->\n\n<!-- wp:paragraph -->\n<p>Dieter Broers nos aclarar\u00e1 sobre la fuerza y el significado de este evento.<\/p>\n<!-- \/wp:paragraph -->\n\n<!-- wp:paragraph -->\n<p>Despu\u00e9s, nos guiar\u00e1 en una meditaci\u00f3n poderosa,<\/p>\n<!-- \/wp:paragraph -->\n\n<!-- wp:paragraph -->\n<p>conect\u00e1ndonos con la fuerza primordial del sol y llen\u00e1ndonos de amor y alegr\u00eda.<\/p>\n<!-- \/wp:paragraph -->\n\n<!-- wp:paragraph -->\n<p>Con la fuerza de manifestaci\u00f3n as\u00ed fortalecida y concentrada<\/p>\n<!-- \/wp:paragraph -->\n\n<!-- wp:paragraph -->\n<p>nos conectamos con la hermosa visi\u00f3n del<br><a href=\"https:\/\/livingearth.one\/manifest-der-neuen-erde\" target=\"_blank\" rel=\"noreferrer noopener\"><u>MANIFIESTO DE LA NUEVA TIERRA<\/u><\/a><\/p>\n<!-- \/wp:paragraph -->\n\n<!-- wp:paragraph -->\n<p>y la atraemos a nuestra realidad.<\/p>\n<!-- \/wp:paragraph -->\n\n<!-- wp:paragraph -->\n<p>Cada uno de ustedes ver\u00e1 internamente los paisajes y \u00e1reas de vida de esta maravillosa Tierra,<\/p>\n<!-- \/wp:paragraph -->\n\n<!-- wp:paragraph -->\n<p>los escuchar\u00e1, los sentir\u00e1, oler\u00e1 sus fragancias y los degustar\u00e1.<\/p>\n<!-- \/wp:paragraph -->\n\n<!-- wp:paragraph -->\n<p>As\u00ed nos convertiremos en imanes para el para\u00edso que nuestro coraz\u00f3n ha deseado durante tanto tiempo.<\/p>\n<!-- \/wp:paragraph -->\n\n<!-- wp:paragraph -->\n<p>Nosotros AMAMOS la Tierra 2.0,<\/p>\n<!-- \/wp:paragraph -->\n\n<!-- wp:paragraph -->\n<p>como le gusta decir a Dieter.<\/p>\n<!-- \/wp:paragraph -->\n\n<!-- wp:paragraph -->\n<p><strong>DIETER BROERS ESCRIBE SOBRE ESTA CALIDAD DE TIEMPO ESPECIAL<\/strong><\/p>\n<!-- \/wp:paragraph -->\n\n<!-- wp:paragraph -->\n<p><strong>Y SUS OPORTUNIDADES PARA LA MANIFESTACI\u00d3N DE LA TIERRA 2.0:<\/strong><\/p>\n<!-- \/wp:paragraph -->\n\n<!-- wp:paragraph -->\n<p>El 8 de abril se nos presenta un evento extraordinariamente poderoso, donde <strong>por ejemplo<\/strong> una cantidad inconcebible de neutrinos nos afectar\u00e1. <strong>Los neutrinos<\/strong> y los antineutrinos son las part\u00edculas m\u00e1s fundamentales de todas. <strong>\u00a1Todas las dem\u00e1s part\u00edculas se forman a partir de ellas!<\/strong> Podemos imaginar estos neutrinos como part\u00edculas et\u00e9reas.<\/p>\n<!-- \/wp:paragraph -->\n\n<!-- wp:paragraph -->\n<p>Seg\u00fan la Teor\u00eda de la Relatividad Compleja<a href=\"\/#_ftn1\" target=\"_blank\" rel=\"noreferrer noopener\">[1]<\/a> de Jean E. Charon, la imaginaci\u00f3n dirigida conscientemente es la energ\u00eda que hace que los electrones giren alrededor del n\u00facleo at\u00f3mico \u2013 y lo mantiene unido. Incluso el n\u00facleo at\u00f3mico es causado por un v\u00f3rtice de este tipo. Son los electrones giratorios los que est\u00e1n compuestos de part\u00edculas et\u00e9reas, los neutrinos.<\/p>\n<!-- \/wp:paragraph -->\n\n<!-- wp:paragraph -->\n<p>De qu\u00e9 manera tan especial los neutrinos est\u00e1n relacionados con un eclipse solar nos lo explica el especialista en neutrinos y f\u00edsico Prof. Dr.-Ing. Konstantin Meyl en su publicaci\u00f3n \u201c<strong>Concentraci\u00f3n de radiaci\u00f3n de neutrinos solares<\/strong><a href=\"\/#_ftn2\" target=\"_blank\" rel=\"noreferrer noopener\"><strong>[2]<\/strong><\/a><strong> a trav\u00e9s del efecto de lente del sol y consecuencias pr\u00e1cticas\u201d. <\/strong>Como ya expresa este t\u00edtulo, durante un eclipse solar, una cantidad extraordinaria de neutrinos nos afectar\u00e1 a nosotros y a la Tierra, ya que la luna en esta configuraci\u00f3n act\u00faa como una lente que concentra los neutrinos. Simplificando, esto significa que en este intervalo de tiempo el 8 de abril tendremos una mayor capacidad de manifestaci\u00f3n. Les recomiendo leer el art\u00edculo mencionado del profesor Meyl (incluido en el anexo).<\/p>\n<!-- \/wp:paragraph -->\n\n<!-- wp:paragraph -->\n<p>Queremos aprovechar esta oportunidad juntos contigo para manifestar la Nueva Tierra Viva.<\/p>\n<!-- \/wp:paragraph -->\n\n<!-- wp:paragraph -->\n<p><a href=\"\/#_ftnref1\" target=\"_blank\" rel=\"noreferrer noopener\"><em>[1]<\/em><\/a><em> El f\u00edsico Jean E. Charon elabor\u00f3 una extensi\u00f3n de la Teor\u00eda de la Relatividad General y Especial de Albert Einstein. Llam\u00f3 a su derivaci\u00f3n Teor\u00eda de la Relatividad Compleja.<\/em><\/p>\n<!-- \/wp:paragraph -->\n\n<!-- wp:paragraph -->\n<p><a href=\"\/#_ftnref2\" target=\"_blank\" rel=\"noreferrer noopener\"><em>[2]<\/em><\/a><strong><em>Los neutrinos<\/em><\/strong><em> y los antineutrinos son las part\u00edculas m\u00e1s fundamentales de todas. <\/em><strong><em>\u00a1Todas las dem\u00e1s part\u00edculas se forman a partir de ellas!<\/em><\/strong><em> Podemos imaginar estos neutrinos como part\u00edculas et\u00e9reas. La imaginaci\u00f3n dirigida conscientemente es la energ\u00eda que hace que los electrones giren alrededor del n\u00facleo at\u00f3mico \u2013 y lo mantiene unido. Incluso el n\u00facleo at\u00f3mico es causado por un v\u00f3rtice de este tipo. Son los electrones giratorios los que est\u00e1n compuestos de part\u00edculas et\u00e9reas, los neutrinos.<\/em><\/p>\n<!-- \/wp:paragraph -->\n\n<!-- wp:paragraph -->\n<p><a href=\"https:\/\/livingearth.one\/solution\/1712142653420x438593452388122600\" target=\"_blank\" rel=\"noreferrer noopener\">LEE AQU\u00cd<\/a><\/p>\n<!-- \/wp:paragraph -->\n\n<!-- wp:paragraph -->\n<p>el art\u00edculo extremadamente impresionante del Prof. Dr.-Ing. Konstantin Meyl sobre<br><a href=\"https:\/\/livingearth.one\/solution\/1712142653420x438593452388122600\" target=\"_blank\" rel=\"noreferrer noopener\"><u>LA CONCENTRACI\u00d3N DE RADIACI\u00d3N DE NEUTRINOS SOLARES <\/u><\/a><a href=\"https:\/\/livingearth.one\/solution\/1712142653420x438593452388122600\" target=\"_blank\" rel=\"noreferrer noopener\"><u>A TRAV\u00c9S DEL EFECTO DE LENTE DE LA LUNA <\/u><\/a><a href=\"https:\/\/livingearth.one\/solution\/1712142653420x438593452388122600\" target=\"_blank\" rel=\"noreferrer noopener\"><u>Y CONSECUENCIAS PR\u00c1CTICAS<\/u><\/a><\/p>\n<!-- \/wp:paragraph -->\n\n<!-- wp:paragraph -->\n<p>\ud83c\udf33\ud83c\udf33\ud83c\udf33 COMPARTE ESTE EVENTO CON TODOS TUS AMIGOS<\/p>\n<!-- \/wp:paragraph -->\n\n<!-- wp:paragraph -->\n<p>- CUANTO M\u00c1S SEAMOS, MAYOR SER\u00c1 NUESTRA FUERZA DE MANIFESTACI\u00d3N \ud83c\udf33\ud83c\udf33\ud83c\udf33<\/p>\n<!-- \/wp:paragraph -->\n\n<!-- wp:paragraph -->\n<p>\ud83c\udf33\ud83c\udf33\ud83c\udf33 INVITA A AMIGOS A TU CASA<\/p>\n<!-- \/wp:paragraph -->\n\n<!-- wp:paragraph -->\n<p>Y MANIFESTEMOS JUNTOS. \ud83c\udf33\ud83c\udf33\ud83c\udf33<\/p>\n<!-- \/wp:paragraph -->\n\n<!-- wp:paragraph -->\n<p>Ambos d\u00edas se dise\u00f1ar\u00e1n de manera individual.<\/p>\n<!-- \/wp:paragraph -->\n\n<!-- wp:paragraph -->\n<p>Esperamos verte<\/p>\n<!-- \/wp:paragraph -->\n\n<!-- wp:paragraph -->\n<p>Dieter Broers y el DreamTeam de LIVING EARTH<\/p>\n<!-- \/wp:paragraph -->\n\n<!-- wp:paragraph -->\n<p>\ud83d\udc49\ud83c\udffb \u00daNETE EL 7 DE ABRIL A LAS 17:30 Y EL 8 DE ABRIL A LAS 19:00 EN <a href=\"https:\/\/okitalk.news\/live-sendung\/\" target=\"_blank\" rel=\"noreferrer noopener\"><u>OKITALK<\/u><\/a><\/p>\n<!-- \/wp:paragraph -->\n\n<!-- wp:paragraph -->\n<p>UN \ud83d\udc48\ud83c\udffb<\/p>\n<!-- \/wp:paragraph -->\n\n<!-- wp:block {\"ref\":9677} \/-->"},"excerpt":{"rendered":"","protected":false,"raw":""},"featured_media":10918,"menu_order":0,"comment_status":"open","ping_status":"closed","template":"","tags":[],"okitalk_topic":[16,14],"okitalk_guest":[],"class_list":["post-10917","okitalk_video","type-okitalk_video","status-publish","has-post-thumbnail","hentry","okitalk_topic-okitalk-international","okitalk_topic-your-idea-your-concept-your-format"],"meta":{"_en_post_content":"<!-- wp:paragraph -->\n<p>April 7th + 8th, 2024 Together we will utilize the superpower of the solar eclipse<\/p>\n<!-- \/wp:paragraph -->\n\n<!-- wp:paragraph -->\n<p>On April 8th, an extraordinarily powerful solar eclipse will take place,<\/p>\n<!-- \/wp:paragraph -->\n\n<!-- wp:paragraph -->\n<p>which will already send its heralds to Earth on April 7th.<\/p>\n<!-- \/wp:paragraph -->\n\n<!-- wp:paragraph -->\n<p>And we will take this wonderful opportunity together with you!<\/p>\n<!-- \/wp:paragraph -->\n\n<!-- wp:paragraph -->\n<p>Why we have an enhanced manifestation power during this time window,<\/p>\n<!-- \/wp:paragraph -->\n\n<!-- wp:paragraph -->\n<p>is explained to you by Dieter Broers below in the invitation<\/p>\n<!-- \/wp:paragraph -->\n\n<!-- wp:paragraph -->\n<p>and you can also read about it in a highly interesting<br><a href=\"https:\/\/livingearth.one\/solution\/1712142653420x438593452388122600\" target=\"_blank\" rel=\"noreferrer noopener\"><u>article by Prof. Dr. Meyl<\/u><\/a><\/p>\n<!-- \/wp:paragraph -->\n\n<!-- wp:paragraph -->\n<p>afterwards.<\/p>\n<!-- \/wp:paragraph -->\n\n<!-- wp:paragraph -->\n<p>Be there<\/p>\n<!-- \/wp:paragraph -->\n\n<!-- wp:paragraph -->\n<p><strong>on April 7th at 5:30 PM<\/strong><\/p>\n<!-- \/wp:paragraph -->\n\n<!-- wp:paragraph -->\n<p><strong>and<\/strong><\/p>\n<!-- \/wp:paragraph -->\n\n<!-- wp:paragraph -->\n<p><strong>on April 8th at 7 PM<\/strong><\/p>\n<!-- \/wp:paragraph -->\n\n<!-- wp:paragraph -->\n<p>Dieter Broers will enlighten us about the power and significance of this event.<\/p>\n<!-- \/wp:paragraph -->\n\n<!-- wp:paragraph -->\n<p>Afterwards, he will lead us into a powerful meditation,<\/p>\n<!-- \/wp:paragraph -->\n\n<!-- wp:paragraph -->\n<p>connecting with the primal power of the sun and allowing us to recharge with love and joy.<\/p>\n<!-- \/wp:paragraph -->\n\n<!-- wp:paragraph -->\n<p>With the strengthened and concentrated manifestation power<\/p>\n<!-- \/wp:paragraph -->\n\n<!-- wp:paragraph -->\n<p>we connect with the beautiful vision of the<br><a href=\"https:\/\/livingearth.one\/manifest-der-neuen-erde\" target=\"_blank\" rel=\"noreferrer noopener\"><u>MANIFEST OF THE NEW EARTH<\/u><\/a><\/p>\n<!-- \/wp:paragraph -->\n\n<!-- wp:paragraph -->\n<p>and draw it into our reality.<\/p>\n<!-- \/wp:paragraph -->\n\n<!-- wp:paragraph -->\n<p>Each of you will see the landscapes and life areas of this wonderful Earth<\/p>\n<!-- \/wp:paragraph -->\n\n<!-- wp:paragraph -->\n<p>internally, hear them, feel them, smell their scents, and taste them.<\/p>\n<!-- \/wp:paragraph -->\n\n<!-- wp:paragraph -->\n<p>Thus, we will become magnets for the paradise that our heart has long desired.<\/p>\n<!-- \/wp:paragraph -->\n\n<!-- wp:paragraph -->\n<p>We LOVE the Earth 2.0,<\/p>\n<!-- \/wp:paragraph -->\n\n<!-- wp:paragraph -->\n<p>as Dieter likes to say.<\/p>\n<!-- \/wp:paragraph -->\n\n<!-- wp:paragraph -->\n<p><strong>DIETER BROERS WRITES ABOUT THIS SPECIAL TIME QUALITY<\/strong><\/p>\n<!-- \/wp:paragraph -->\n\n<!-- wp:paragraph -->\n<p><strong>AND ITS OPPORTUNITIES FOR THE MANIFESTATION OF EARTH 2.0:<\/strong><\/p>\n<!-- \/wp:paragraph -->\n\n<!-- wp:paragraph -->\n<p>On April 8th, we are facing an extraordinarily powerful event, where <strong>for example<\/strong> an unimaginable amount of neutrinos will impact us. <strong>Neutrinos<\/strong> and anti-neutrinos are the most fundamental particles at all. <strong>All other particles are formed from them!<\/strong> We can imagine these neutrinos as ether particles.<\/p>\n<!-- \/wp:paragraph -->\n\n<!-- wp:paragraph -->\n<p>According to the Complex Relativity Theory<a href=\"\/#_ftn1\" target=\"_blank\" rel=\"noreferrer noopener\">[1]<\/a> by Jean E. Charon, the consciously directed imagination is the energy that causes the electrons to rotate around the atomic nucleus \u2013 and holds them together. Even the atomic nucleus is caused by such a vortex. It is the rotating electrons that consist of ether particles, the neutrinos.<\/p>\n<!-- \/wp:paragraph -->\n\n<!-- wp:paragraph -->\n<p>In what very special way the neutrinos are related to a solar eclipse is explained to us by neutrino specialist and physicist Prof. Dr.-Ing. Konstantin Meyl in his publication \u201c<strong>Concentration of solar neutrino radiation<\/strong><a href=\"\/#_ftn2\" target=\"_blank\" rel=\"noreferrer noopener\"><strong>[2]<\/strong><\/a><strong> through the lens effect of the moon and practical consequences.\u201d<\/strong> As this title already expresses, during a solar eclipse an extraordinarily large number of neutrinos will impact us and the Earth, as the moon concentrates the neutrinos like a magnifying glass in this constellation. Simply put, this means that we have an enhanced manifestation power during this time window on April 8th! I recommend you read the described article by Professor Meyl (listed in the appendix).<\/p>\n<!-- \/wp:paragraph -->\n\n<!-- wp:paragraph -->\n<p>We want to take this opportunity together with you to manifest the New Living Earth.<\/p>\n<!-- \/wp:paragraph -->\n\n<!-- wp:paragraph -->\n<p><a href=\"\/#_ftnref1\" target=\"_blank\" rel=\"noreferrer noopener\"><em>[1]<\/em><\/a><em> The physicist Jean E. Charon created an extension of the General and Special Theory of Relativity by Albert Einstein. He called his derivation Complex Relativity Theory.<\/em><\/p>\n<!-- \/wp:paragraph -->\n\n<!-- wp:paragraph -->\n<p><a href=\"\/#_ftnref2\" target=\"_blank\" rel=\"noreferrer noopener\"><em>[2]<\/em><\/a><strong><em>Neutrinos<\/em><\/strong><em> and anti-neutrinos are the most fundamental particles at all. <\/em><strong><em>All other particles are formed from them!<\/em><\/strong><em> We can imagine these neutrinos as ether particles. Consciously directed imagination is the energy that causes the electrons to rotate around the atomic nucleus \u2013 and holds them together. Even the atomic nucleus is caused by such a vortex. It is the rotating electrons that consist of ether particles, the neutrinos.<\/em><\/p>\n<!-- \/wp:paragraph -->\n\n<!-- wp:paragraph -->\n<p><a href=\"https:\/\/livingearth.one\/solution\/1712142653420x438593452388122600\" target=\"_blank\" rel=\"noreferrer noopener\">READ HERE<\/a><\/p>\n<!-- \/wp:paragraph -->\n\n<!-- wp:paragraph -->\n<p>the extremely impressive article by Prof. Dr.-Ing. Konstantin Meyl about<br><a href=\"https:\/\/livingearth.one\/solution\/1712142653420x438593452388122600\" target=\"_blank\" rel=\"noreferrer noopener\"><u>THE CONCENTRATION OF SOLAR NEUTRINO RADIATION <\/u><\/a><a href=\"https:\/\/livingearth.one\/solution\/1712142653420x438593452388122600\" target=\"_blank\" rel=\"noreferrer noopener\"><u>THROUGH THE LENS EFFECT OF THE MOON <\/u><\/a><a href=\"https:\/\/livingearth.one\/solution\/1712142653420x438593452388122600\" target=\"_blank\" rel=\"noreferrer noopener\"><u>AND PRACTICAL CONSEQUENCES<\/u><\/a><\/p>\n<!-- \/wp:paragraph -->\n\n<!-- wp:paragraph -->\n<p>\ud83c\udf33\ud83c\udf33\ud83c\udf33 SHARE THIS EVENT WITH ALL YOUR FRIENDS<\/p>\n<!-- \/wp:paragraph -->\n\n<!-- wp:paragraph -->\n<p>- THE MORE WE ARE, THE GREATER OUR MANIFESTATION POWER \ud83c\udf33\ud83c\udf33\ud83c\udf33<\/p>\n<!-- \/wp:paragraph -->\n\n<!-- wp:paragraph -->\n<p>\ud83c\udf33\ud83c\udf33\ud83c\udf33 FEEL FREE TO INVITE FRIENDS TO YOUR<\/p>\n<!-- \/wp:paragraph -->\n\n<!-- wp:paragraph -->\n<p>HOME AND MANIFEST TOGETHER. \ud83c\udf33\ud83c\udf33\ud83c\udf33<\/p>\n<!-- \/wp:paragraph -->\n\n<!-- wp:paragraph -->\n<p>Both days will be individually designed.<\/p>\n<!-- \/wp:paragraph -->\n\n<!-- wp:paragraph -->\n<p>We look forward to seeing you<\/p>\n<!-- \/wp:paragraph -->\n\n<!-- wp:paragraph -->\n<p>Dieter Broers and the DreamTeam of LIVING EARTH<\/p>\n<!-- \/wp:paragraph -->\n\n<!-- wp:paragraph -->\n<p>\ud83d\udc49\ud83c\udffb JOIN US ON APRIL 7TH AT 5:30 PM AND ON APRIL 8TH AT 7 PM AT <a href=\"https:\/\/okitalk.news\/live-sendung\/\" target=\"_blank\" rel=\"noreferrer noopener\"><u>OKITALK<\/u><\/a><\/p>\n<!-- \/wp:paragraph -->\n\n<!-- wp:paragraph -->\n<p>ONE \ud83d\udc48\ud83c\udffb<\/p>\n<!-- \/wp:paragraph -->\n\n<!-- wp:block {\"ref\":9677} \/-->","_en_post_excerpt":"","_en_post_title":"MANIFESTATION OF THE NEW EARTH \u2013 WITH DIETER BROERS","_en_post_name":"","_de_post_content":"<!-- wp:paragraph -->\n<p>7.+ 8. April 2024 Gemeinsam nutzen wir die Superkraft der Sonnenfinsternis<\/p>\n<!-- \/wp:paragraph -->\n\n<!-- wp:paragraph -->\n<p>Am 8. April findet eine au\u00dferordentlich wirkr\u00e4ftige Sonnenfinsternis statt,<\/p>\n<!-- \/wp:paragraph -->\n\n<!-- wp:paragraph -->\n<p>die schon am 7. April ihre Vorboten auf die Erde schickt.<\/p>\n<!-- \/wp:paragraph -->\n\n<!-- wp:paragraph -->\n<p>Und wir nutzen diese wundervolle Chance gemeinsam mit Dir!<\/p>\n<!-- \/wp:paragraph -->\n\n\n\n<!-- wp:paragraph -->\n<p>Warum wir in diesem Zeitfenster \u00fcber eine verst\u00e4rkte Manifestationskraft verf\u00fcgen,<\/p>\n<!-- \/wp:paragraph -->\n\n<!-- wp:paragraph -->\n<p>erkl\u00e4rt Dir Dieter Broers unten in der Einladung<\/p>\n<!-- \/wp:paragraph -->\n\n<!-- wp:paragraph -->\n<p>und kannst Du auch in einem hoch interessanten<br><a href=\"https:\/\/livingearth.one\/solution\/1712142653420x438593452388122600\" target=\"_blank\" rel=\"noreferrer noopener\"><u>Artikel von Prof.Dr. Meyl<\/u><\/a><\/p>\n<!-- \/wp:paragraph -->\n\n<!-- wp:paragraph -->\n<p>nachlesen.<\/p>\n<!-- \/wp:paragraph -->\n\n<!-- wp:paragraph -->\n<p>Sei dabei<\/p>\n<!-- \/wp:paragraph -->\n\n<!-- wp:paragraph -->\n<p><strong>am 7. April um 17:30<\/strong><\/p>\n<!-- \/wp:paragraph -->\n\n<!-- wp:paragraph -->\n<p><strong>und<\/strong><\/p>\n<!-- \/wp:paragraph -->\n\n<!-- wp:paragraph -->\n<p><strong>am 8. April um 19 Uhr<\/strong><\/p>\n<!-- \/wp:paragraph -->\n\n<!-- wp:paragraph -->\n<p>Dieter Broers wird uns \u00fcber die Kraft und Bedeutung dieses Ereignisses aufkl\u00e4ren.<\/p>\n<!-- \/wp:paragraph -->\n\n<!-- wp:paragraph -->\n<p>Danach wird er uns in eine wirkkr\u00e4ftige Meditation f\u00fchren,<\/p>\n<!-- \/wp:paragraph -->\n\n<!-- wp:paragraph -->\n<p>mit der Urkraft der Sonne verbinden und mit Liebe und Freude auftanken lassen.<\/p>\n<!-- \/wp:paragraph -->\n\n<!-- wp:paragraph -->\n<p>Mit der so gest\u00e4rkten und geb\u00fcndelten Manifestationskraft<\/p>\n<!-- \/wp:paragraph -->\n\n<!-- wp:paragraph -->\n<p>verbinden wir uns mit der wundersch\u00f6nen Vision vom<br><a href=\"https:\/\/livingearth.one\/manifest-der-neuen-erde\" target=\"_blank\" rel=\"noreferrer noopener\"><u>MANIFEST DER NEUEN ERDE<\/u><\/a><\/p>\n<!-- \/wp:paragraph -->\n\n<!-- wp:paragraph -->\n<p>und ziehen sie in unsere Realit\u00e4t.<\/p>\n<!-- \/wp:paragraph -->\n\n<!-- wp:paragraph -->\n<p>Jede\/r von Euch wird die Landschaften und Lebensbereiche dieser wundervollen Erde<\/p>\n<!-- \/wp:paragraph -->\n\n<!-- wp:paragraph -->\n<p>innerlich sehen,sie h\u00f6ren, sie sp\u00fcren, ihre D\u00fcfte riechen und schmecken.<\/p>\n<!-- \/wp:paragraph -->\n\n<!-- wp:paragraph -->\n<p>So werden wir zu Magneten f\u00fcr das Paradies, das unser Herz sich schon so lange w\u00fcnscht.<\/p>\n<!-- \/wp:paragraph -->\n\n<!-- wp:paragraph -->\n<p>Wir ER-LIEBEN uns die Erde 2.0.,<\/p>\n<!-- \/wp:paragraph -->\n\n<!-- wp:paragraph -->\n<p>wie Dieter so gerne sagt.<\/p>\n<!-- \/wp:paragraph -->\n\n<!-- wp:paragraph -->\n<p><strong>DIETER BROERS SCHREIBT \u00dcBER DIESE BESONDERE ZEITQUALIT\u00c4T<\/strong><\/p>\n<!-- \/wp:paragraph -->\n\n<!-- wp:paragraph -->\n<p><strong>UND IHRE CHANCEN F\u00dcR DIE MANIFESTATION DER ERDE 2.0.:<\/strong><\/p>\n<!-- \/wp:paragraph -->\n\n<!-- wp:paragraph -->\n<p>Am 8. April steht uns ein au\u00dfergew\u00f6hnlich kraftvolles Ereignis bevor, bei dem <strong>beispielsweise <\/strong>eine unvorstellbare Menge Neutrinos auf uns einwirken werden. <strong>Neutrinos<\/strong> und Anti-Neutrinos sind die fundamentalsten Teilchen \u00fcberhaupt. <strong>Alle anderen Teile werden aus ihnen gebildet!<\/strong> Wir k\u00f6nnen uns diese Neutrinos als \u00c4therteilchen vorstellen.<\/p>\n<!-- \/wp:paragraph -->\n\n<!-- wp:paragraph -->\n<p>Nach der Komplexen Relativit\u00e4tstheorie<a href=\"\/#_ftn1\" target=\"_blank\" rel=\"noreferrer noopener\">[1]<\/a> von Jean E. Charon ist die bewusst gelenkte Vorstellungskraft die Energie, welche die Elektronen um den Atomkern rotieren l\u00e4sst \u2013 und zusammenh\u00e4lt. Selbst der atomare Kern wird durch einen solchen Wirbel verursacht. Es sind die rotierenden Elektronen, welche aus \u00c4therteilchen, den Neutrinos bestehen.<\/p>\n<!-- \/wp:paragraph -->\n\n<!-- wp:paragraph -->\n<p>In welcher ganz besonderen Art die Neutrinos in einem Zusammenhang mit einer Sonnenfinsternis steht erkl\u00e4rt uns der Neutrino Spezialist und Physiker Prof. Dr.-Ing. Konstantin Meyl in seiner Ver\u00f6ffentlichung \u201e<strong>B\u00fcndelung solarer Neutrinostrahlung<\/strong><a href=\"\/#_ftn2\" target=\"_blank\" rel=\"noreferrer noopener\"><strong>[2]<\/strong><\/a><strong> durch die Brennglaswirkung des Mondes und praktische Konsequenzen\u201c. <\/strong>Wie diese \u00dcberschrift bereits ausdr\u00fcckt, werden bei einer Sonnenfinsternis au\u00dferordentlich viele Neutrinos auf uns und die Erde einwirken, da der Mond in dieser Konstellation wie ein Brennglas die Neutrinos konzentriert. Vereinfacht ausgedr\u00fcckt bedeutet das, dass wir in diesem Zeitfenster am 8. April \u00fcber eine verst\u00e4rkte Manifestationskraft verf\u00fcgen! Ich empfehle Euch hierzu den beschriebenen Artikel von Professor Meyl zu lesen (im Anhang angef\u00fchrt).<\/p>\n<!-- \/wp:paragraph -->\n\n<!-- wp:paragraph -->\n<p>Diese Chance wollen wir gemeinsam mit Dir nutzen, um die Neue Lebendige Erde zu manifestieren.<\/p>\n<!-- \/wp:paragraph -->\n\n<!-- wp:paragraph -->\n<p><a href=\"\/#_ftnref1\" target=\"_blank\" rel=\"noreferrer noopener\"><em>[1]<\/em><\/a><em> Der Physiker Jean. E. Charon erstellte eine Erweiterung der Allgemeinen- und Speziellen Relativit\u00e4tstheorie von Albert Einstein her. Er nannte seine Herleitung Komplexe Relativit\u00e4tstheorie.<\/em><\/p>\n<!-- \/wp:paragraph -->\n\n<!-- wp:paragraph -->\n<p><a href=\"\/#_ftnref2\" target=\"_blank\" rel=\"noreferrer noopener\"><em>[2]<\/em><\/a><strong><em>Neutrinos<\/em><\/strong><em> und Anti-Neutrinos sind die fundamentalsten Teilchen \u00fcberhaupt. <\/em><strong><em>Alle anderen Teile werden aus ihnen gebildet!<\/em><\/strong><em> Wir k\u00f6nnen uns diese Neutrinos als \u00c4therteilchen vorstellen. Bewusst gelenkte Imagination (Vorstellungskraft) ist die Energie, welche die Elektronen um den Atomkern rotieren l\u00e4sst \u2013 und zusammenh\u00e4lt. Selbst der atomare Kern wird durch einen solchen Wirbel verursacht. Es sind die rotierenden Elektronen, welche aus \u00c4therteilchen, den Neutrinos bestehen.<\/em><\/p>\n<!-- \/wp:paragraph -->\n\n<!-- wp:paragraph -->\n<p><a href=\"https:\/\/livingearth.one\/solution\/1712142653420x438593452388122600\" target=\"_blank\" rel=\"noreferrer noopener\">LIES HIER<\/a><\/p>\n<!-- \/wp:paragraph -->\n\n<!-- wp:paragraph -->\n<p>den \u00e4u\u00dferst beeindruckenden Artikel von Prof. Dr.-Ing. Konstantin Meyl \u00fcber<br><a href=\"https:\/\/livingearth.one\/solution\/1712142653420x438593452388122600\" target=\"_blank\" rel=\"noreferrer noopener\"><u>DIE B\u00dcNDELUNG SOLARER NEUTRINOSTRAHLUNG <\/u><\/a><a href=\"https:\/\/livingearth.one\/solution\/1712142653420x438593452388122600\" target=\"_blank\" rel=\"noreferrer noopener\"><u>DURCH DIE BRENNGLASWIRKUNG DES MONDES <\/u><\/a><a href=\"https:\/\/livingearth.one\/solution\/1712142653420x438593452388122600\" target=\"_blank\" rel=\"noreferrer noopener\"><u>UND PRAKTISCHE KONSEQUENZEN<\/u><\/a><\/p>\n<!-- \/wp:paragraph -->\n\n<!-- wp:paragraph -->\n<p>\ud83c\udf33\ud83c\udf33\ud83c\udf33 TEILE DIESES EVENT MIT ALL DEINEN FREUNDEN<\/p>\n<!-- \/wp:paragraph -->\n\n<!-- wp:paragraph -->\n<p>- JE MEHR WIR SIND, DESTO GR\u00d6SSER IST UNSERE MANIFESTATIONSKRAFT \ud83c\udf33\ud83c\udf33\ud83c\udf33<\/p>\n<!-- \/wp:paragraph -->\n\n<!-- wp:paragraph -->\n<p>\ud83c\udf33\ud83c\udf33\ud83c\udf33 LADE GERNE FREUNDE ZU DIR<\/p>\n<!-- \/wp:paragraph -->\n\n<!-- wp:paragraph -->\n<p>NACH HAUSE EIN UND MANIFESTIERT GEMEINSAM. \ud83c\udf33\ud83c\udf33\ud83c\udf33<\/p>\n<!-- \/wp:paragraph -->\n\n<!-- wp:paragraph -->\n<p>Beide Tage werden individuell gestaltet.<\/p>\n<!-- \/wp:paragraph -->\n\n<!-- wp:paragraph -->\n<p>Wir freuen uns auf Dich<\/p>\n<!-- \/wp:paragraph -->\n\n<!-- wp:paragraph -->\n<p>Dieter Broers und das DreamTeam der LIVING EARTH<\/p>\n<!-- \/wp:paragraph -->\n\n<!-- wp:paragraph -->\n<p>\ud83d\udc49\ud83c\udffb W\u00c4HLE DICH AM 7.APRIL UM 17:30 UND AM 8.APRIL UM 19 UHR BEI <a href=\"https:\/\/okitalk.news\/live-sendung\/\" target=\"_blank\" rel=\"noreferrer noopener\"><u>OKITALK<\/u><\/a><\/p>\n<!-- \/wp:paragraph -->\n\n<!-- wp:paragraph -->\n<p>EIN \ud83d\udc48\ud83c\udffb<\/p>\n<!-- \/wp:paragraph -->\n\n<!-- wp:block {\"ref\":9677} \/-->","_de_post_excerpt":"","_de_post_title":"MANIFESTATION DER NEUEN ERDE \u2013 MIT DIETER BROERS","_de_post_name":"manifestation-der-neuen-erde-mit-dieter-broers-2","edit_language":"es"},"_links":{"self":[{"href":"https:\/\/okitalk.news\/es\/wp-json\/wp\/v2\/okitalk_video\/10917","targetHints":{"allow":["GET"]}}],"collection":[{"href":"https:\/\/okitalk.news\/es\/wp-json\/wp\/v2\/okitalk_video"}],"about":[{"href":"https:\/\/okitalk.news\/es\/wp-json\/wp\/v2\/types\/okitalk_video"}],"replies":[{"embeddable":true,"href":"https:\/\/okitalk.news\/es\/wp-json\/wp\/v2\/comments?post=10917"}],"version-history":[{"count":2,"href":"https:\/\/okitalk.news\/es\/wp-json\/wp\/v2\/okitalk_video\/10917\/revisions"}],"predecessor-version":[{"id":14509,"href":"https:\/\/okitalk.news\/es\/wp-json\/wp\/v2\/okitalk_video\/10917\/revisions\/14509"}],"wp:featuredmedia":[{"embeddable":true,"href":"https:\/\/okitalk.news\/es\/wp-json\/wp\/v2\/media\/10918"}],"wp:attachment":[{"href":"https:\/\/okitalk.news\/es\/wp-json\/wp\/v2\/media?parent=10917"}],"wp:term":[{"taxonomy":"post_tag","embeddable":true,"href":"https:\/\/okitalk.news\/es\/wp-json\/wp\/v2\/tags?post=10917"},{"taxonomy":"okitalk_topic","embeddable":true,"href":"https:\/\/okitalk.news\/es\/wp-json\/wp\/v2\/okitalk_topic?post=10917"},{"taxonomy":"okitalk_guest","embeddable":true,"href":"https:\/\/okitalk.news\/es\/wp-json\/wp\/v2\/okitalk_guest?post=10917"}],"curies":[{"name":"wp","href":"https:\/\/api.w.org\/{rel}","templated":true}]}}