{"id":17307,"date":"2026-09-05T15:07:05","date_gmt":"2026-09-05T13:07:05","guid":{"rendered":"https:\/\/okitalk.news\/de\/video\/d8236d\/automatisch-gespeicherter-entwurf\/"},"modified":"2026-09-05T15:43:10","modified_gmt":"2026-09-05T13:43:10","slug":"%f0%9f%87%b5%f0%9f%87%be-paraguay-im-dialog-von-mensch-zu-mensch-okitalk-live-event","status":"publish","type":"okitalk_video","link":"https:\/\/okitalk.news\/de\/video\/%f0%9f%87%b5%f0%9f%87%be-paraguay-im-dialog-von-mensch-zu-mensch-okitalk-live-event\/","title":{"rendered":"\ud83c\uddf5\ud83c\uddfe PARAGUAY IM DIALOG \u2013 Von Mensch zu Mensch | OKiTALK LIVE-EVENT"},"content":{"rendered":"\n<p class=\"wp-block-paragraph\"><strong>\ud83c\uddf5\ud83c\uddfe PARAGUAY IM DIALOG \u2013 Von Mensch zu Mensch | OKiTALK LIVE-EVENT<\/strong><\/p>\n\n\n\n<p class=\"wp-block-paragraph\"><strong>Samstag, 24. Oktober 2026 | Paraguay<\/strong><\/p>\n\n\n\n<h3 class=\"wp-block-heading\"><\/h3>\n\n\n\n<p class=\"wp-block-paragraph\"><strong>OKiTALK l\u00e4dt zum ersten \u201eParaguay im Dialog\u201c-Event ein.<\/strong><\/p>\n\n\n\n<p class=\"wp-block-paragraph\">Am <strong>Samstag, den 24. Oktober 2026<\/strong>, bringen wir auf unserem Festivalgel\u00e4nde in Paraguay Menschen zusammen, die nicht nur \u00fcber Herausforderungen sprechen, sondern <strong>Ideen, Erfahrungen und konkrete L\u00f6sungswege<\/strong> vorstellen m\u00f6chten.<\/p>\n\n\n\n<p class=\"wp-block-paragraph\">Unter dem Motto<\/p>\n\n\n\n<p class=\"wp-block-paragraph\"><strong>\u201eVon Mensch zu Mensch \u2013 Paraguay im Dialog\u201c<\/strong><\/p>\n\n\n\n<p class=\"wp-block-paragraph\">widmen wir den Tag drei gro\u00dfen Themenbereichen:<\/p>\n\n\n\n<p class=\"wp-block-paragraph\"><strong>\ud83c\udf31 Leben &amp; Gesundheit<\/strong><br>Gesundheit, Ern\u00e4hrung, Wasser, Natur, Landwirtschaft und Eigenverantwortung.<\/p>\n\n\n\n<p class=\"wp-block-paragraph\"><strong>\ud83c\uddf5\ud83c\uddfe Leben &amp; Arbeiten in Paraguay<\/strong><br>Unternehmertum, Projekte, Erfahrungen, Chancen und das gemeinsame Leben in Paraguay.<\/p>\n\n\n\n<p class=\"wp-block-paragraph\"><strong>\ud83c\udf0e Zukunft gemeinsam gestalten<\/strong><br>Gemeinschaft, Bildung, neue Ideen, Technologie, Medien, Wirtschaft und Wege in eine lebenswerte Zukunft.<\/p>\n\n\n\n<p class=\"wp-block-paragraph\">Geplant sind <strong>mehrere Referentinnen und Referenten vor Ort<\/strong>, erg\u00e4nzende <strong>virtuelle G\u00e4ste aus dem Ausland<\/strong>, Gespr\u00e4chsrunden sowie ausreichend Zeit f\u00fcr pers\u00f6nliche Begegnungen und Vernetzung.<\/p>\n\n\n\n<p class=\"wp-block-paragraph\">Auch Unternehmen, Initiativen, Projekte und Menschen mit interessanten L\u00f6sungen sollen die M\u00f6glichkeit bekommen, sich vor Ort zu pr\u00e4sentieren.<\/p>\n\n\n\n<p class=\"wp-block-paragraph\"><strong>Die Veranstaltung wird von OKiTALK live ins Internet \u00fcbertragen.<\/strong><\/p>\n\n\n\n<p class=\"wp-block-paragraph\">Das vollst\u00e4ndige Programm, unsere Referenten, G\u00e4ste, Aussteller sowie weitere Informationen zur Veranstaltung werden in den kommenden Wochen bekannt gegeben.<\/p>\n\n\n\n<h3 class=\"wp-block-heading\">Wir suchen und laden ein<\/h3>\n\n\n\n<p class=\"wp-block-paragraph\">F\u00fcr die Programmgestaltung freuen wir uns bereits jetzt \u00fcber Kontakte zu <strong>Referentinnen und Referenten, Unternehmern, Projekten, Initiativen, m\u00f6glichen Ausstellern, Sponsoren und Kooperationspartnern<\/strong>, die zu diesem Tag etwas Sinnvolles beitragen m\u00f6chten.<\/p>\n\n\n\n<p class=\"wp-block-paragraph\">Im Mittelpunkt stehen nicht Parteizugeh\u00f6rigkeit oder Bekanntheitsgrad, sondern <strong>Menschen, Erfahrungen, Ideen und L\u00f6sungen.<\/strong><\/p>\n\n\n\n<p class=\"wp-block-paragraph\"><strong>Probleme erkennen. L\u00f6sungen vorstellen. Menschen verbinden.<\/strong><\/p>\n\n\n\n<h3 class=\"wp-block-heading\">Veranstaltungsinformation<\/h3>\n\n\n\n<p class=\"wp-block-paragraph\">\ud83d\udcc5 <strong>Samstag, 24. Oktober 2026<\/strong><br>\ud83d\udccd <strong>Paraguay \u2013 Festivalgel\u00e4nde<\/strong><br>\ud83c\udfa5 <strong>Live\u00fcbertragung durch OKiTALK<\/strong><br>\ud83c\udf0e Deutsch &amp; Spanisch \/ Dolmetscher vorgesehen<br>\ud83c\udfa4 Vortr\u00e4ge \u00b7 Gespr\u00e4che \u00b7 Vernetzung \u00b7 Aussteller \u00b7 Livestream<\/p>\n\n\n\n<p class=\"wp-block-paragraph\"><strong>Weitere Programminformationen folgen.<\/strong><\/p>\n\n\n\n<h3 class=\"wp-block-heading\">Kontakt<\/h3>\n\n\n\n<p class=\"wp-block-paragraph\"><strong>Klaus Glatzel<\/strong><br><strong>OKiTALK \u2013 von Mensch zu Mensch<\/strong><br>\ud83d\udce7 <a href=\"mailto:office@okitalk.news\">office@okitalk.news<\/a><br>\ud83d\udcf1 WhatsApp: +595 983 565 813<br>\ud83d\udcac Telegram: @OKiTalk1<br>\ud83c\udf10 okitalk.news<\/p>\n","protected":false},"excerpt":{"rendered":"<p>\ud83c\uddf5\ud83c\uddfe PARAGUAY IM DIALOG \u2013 Von Mensch zu Mensch | OKiTALK LIVE-EVENT Samstag, 24. Oktober 2026 | Paraguay OKiTALK l\u00e4dt zum ersten \u201eParaguay im Dialog\u201c-Event ein. Am Samstag, den 24. Oktober 2026, bringen wir auf unserem Festivalgel\u00e4nde in Paraguay Menschen zusammen, die nicht nur \u00fcber Herausforderungen sprechen, sondern Ideen, Erfahrungen und konkrete L\u00f6sungswege vorstellen m\u00f6chten. [&hellip;]<\/p>\n","protected":false},"featured_media":17308,"menu_order":0,"comment_status":"open","ping_status":"closed","template":"","tags":[2358,34,185,2359],"okitalk_topic":[10,16,20],"okitalk_guest":[],"class_list":["post-17307","okitalk_video","type-okitalk_video","status-publish","has-post-thumbnail","hentry","tag-event","tag-okitalk","tag-paraguay","tag-paraguay-im-dialog","okitalk_topic-live-events-and-congresses","okitalk_topic-okitalk-international","okitalk_topic-paraguay"],"meta":{"_en_post_content":"<!-- wp:paragraph -->\n<p><strong>\ud83c\uddf5\ud83c\uddfe PARAGUAY IN DIALOGUE \u2013 From Person to Person | OKiTALK LIVE EVENT<\/strong><\/p>\n<!-- \/wp:paragraph -->\n\n<!-- wp:paragraph -->\n<p><strong>Saturday, October 24, 2026 | Paraguay<\/strong><\/p>\n<!-- \/wp:paragraph -->\n\n<!-- wp:heading {\"level\":3} -->\n<h3 class=\"wp-block-heading\">Main Text for the Broadcast Schedule<\/h3>\n<!-- \/wp:heading -->\n\n<!-- wp:paragraph -->\n<p><strong>OKiTALK invites you to the first \"Paraguay in Dialogue\" event.<\/strong><\/p>\n<!-- \/wp:paragraph -->\n\n<!-- wp:paragraph -->\n<p>On <strong>Saturday, October 24, 2026<\/strong>, we will bring together people at our festival grounds in Paraguay who want not only to talk about challenges but also to present <strong>ideas, experiences, and concrete solutions<\/strong>.<\/p>\n<!-- \/wp:paragraph -->\n\n<!-- wp:paragraph -->\n<p>Under the motto<\/p>\n<!-- \/wp:paragraph -->\n\n<!-- wp:paragraph -->\n<p><strong>\"From Person to Person \u2013 Paraguay in Dialogue\"<\/strong><\/p>\n<!-- \/wp:paragraph -->\n\n<!-- wp:paragraph -->\n<p>we dedicate the day to three major themes:<\/p>\n<!-- \/wp:paragraph -->\n\n<!-- wp:paragraph -->\n<p><strong>\ud83c\udf31 Life &amp; Health<\/strong><br>Health, nutrition, water, nature, agriculture, and personal responsibility.<\/p>\n<!-- \/wp:paragraph -->\n\n<!-- wp:paragraph -->\n<p><strong>\ud83c\uddf5\ud83c\uddfe Life &amp; Work in Paraguay<\/strong><br>Entrepreneurship, projects, experiences, opportunities, and communal living in Paraguay.<\/p>\n<!-- \/wp:paragraph -->\n\n<!-- wp:paragraph -->\n<p><strong>\ud83c\udf0e Shaping the Future Together<\/strong><br>Community, education, new ideas, technology, media, economy, and pathways to a livable future.<\/p>\n<!-- \/wp:paragraph -->\n\n<!-- wp:paragraph -->\n<p>Several <strong>speakers on-site<\/strong>, additional <strong>virtual guests from abroad<\/strong>, discussion rounds, and ample time for personal encounters and networking are planned.<\/p>\n<!-- \/wp:paragraph -->\n\n<!-- wp:paragraph -->\n<p>Companies, initiatives, projects, and individuals with interesting solutions will also have the opportunity to present themselves on-site.<\/p>\n<!-- \/wp:paragraph -->\n\n<!-- wp:paragraph -->\n<p><strong>The event will be broadcast live on the internet by OKiTALK.<\/strong><\/p>\n<!-- \/wp:paragraph -->\n\n<!-- wp:paragraph -->\n<p>The complete program, our speakers, guests, exhibitors, and further information about the event will be announced in the coming weeks.<\/p>\n<!-- \/wp:paragraph -->\n\n<!-- wp:heading {\"level\":3} -->\n<h3 class=\"wp-block-heading\">We Are Looking For and Inviting<\/h3>\n<!-- \/wp:heading -->\n\n<!-- wp:paragraph -->\n<p>For the program design, we are already looking forward to contacts with <strong>speakers, entrepreneurs, projects, initiatives, potential exhibitors, sponsors, and cooperation partners<\/strong> who would like to contribute something meaningful to this day.<\/p>\n<!-- \/wp:paragraph -->\n\n<!-- wp:paragraph -->\n<p>The focus is not on party affiliation or notoriety, but on <strong>people, experiences, ideas, and solutions.<\/strong><\/p>\n<!-- \/wp:paragraph -->\n\n<!-- wp:paragraph -->\n<p><strong>Recognize problems. Present solutions. Connect people.<\/strong><\/p>\n<!-- \/wp:paragraph -->\n\n<!-- wp:heading {\"level\":3} -->\n<h3 class=\"wp-block-heading\">Event Information<\/h3>\n<!-- \/wp:heading -->\n\n<!-- wp:paragraph -->\n<p>\ud83d\udcc5 <strong>Saturday, October 24, 2026<\/strong><br>\ud83d\udccd <strong>Paraguay \u2013 Festival Grounds<\/strong><br>\ud83c\udfa5 <strong>Live broadcast by OKiTALK<\/strong><br>\ud83c\udf0e German &amp; Spanish \/ Interpreters provided<br>\ud83c\udfa4 Lectures \u00b7 Discussions \u00b7 Networking \u00b7 Exhibitors \u00b7 Livestream<\/p>\n<!-- \/wp:paragraph -->\n\n<!-- wp:paragraph -->\n<p><strong>Further program information will follow.<\/strong><\/p>\n<!-- \/wp:paragraph -->\n\n<!-- wp:heading {\"level\":3} -->\n<h3 class=\"wp-block-heading\">Contact<\/h3>\n<!-- \/wp:heading -->\n\n<!-- wp:paragraph -->\n<p><strong>Klaus Glatzel<\/strong><br><strong>OKiTALK \u2013 from Person to Person<\/strong><br>\ud83d\udce7 <a href=\"mailto:office@okitalk.news\">office@okitalk.news<\/a><br>\ud83d\udcf1 WhatsApp: +595 983 565 813<br>\ud83d\udcac Telegram: @OKiTalk1<br>\ud83c\udf10 okitalk.news<\/p>\n<!-- \/wp:paragraph -->","_en_post_excerpt":"","_en_post_title":"\ud83c\uddf5\ud83c\uddfe PARAGUAY IN DIALOGUE \u2013 From Person to Person | OKiTALK LIVE EVENT","_en_post_name":"","_de_post_content":"<!-- wp:paragraph -->\n<p><strong>\ud83c\uddf5\ud83c\uddfe PARAGUAY IM DIALOG \u2013 Von Mensch zu Mensch | OKiTALK LIVE-EVENT<\/strong><\/p>\n<!-- \/wp:paragraph -->\n\n<!-- wp:paragraph -->\n<p><strong>Samstag, 24. Oktober 2026 | Paraguay<\/strong><\/p>\n<!-- \/wp:paragraph -->\n\n<!-- wp:heading {\"level\":3} -->\n<h3 class=\"wp-block-heading\"><\/h3>\n<!-- \/wp:heading -->\n\n<!-- wp:paragraph -->\n<p><strong>OKiTALK l\u00e4dt zum ersten \u201eParaguay im Dialog\u201c-Event ein.<\/strong><\/p>\n<!-- \/wp:paragraph -->\n\n<!-- wp:paragraph -->\n<p>Am <strong>Samstag, den 24. Oktober 2026<\/strong>, bringen wir auf unserem Festivalgel\u00e4nde in Paraguay Menschen zusammen, die nicht nur \u00fcber Herausforderungen sprechen, sondern <strong>Ideen, Erfahrungen und konkrete L\u00f6sungswege<\/strong> vorstellen m\u00f6chten.<\/p>\n<!-- \/wp:paragraph -->\n\n<!-- wp:paragraph -->\n<p>Unter dem Motto<\/p>\n<!-- \/wp:paragraph -->\n\n<!-- wp:paragraph -->\n<p><strong>\u201eVon Mensch zu Mensch \u2013 Paraguay im Dialog\u201c<\/strong><\/p>\n<!-- \/wp:paragraph -->\n\n<!-- wp:paragraph -->\n<p>widmen wir den Tag drei gro\u00dfen Themenbereichen:<\/p>\n<!-- \/wp:paragraph -->\n\n<!-- wp:paragraph -->\n<p><strong>\ud83c\udf31 Leben &amp; Gesundheit<\/strong><br>Gesundheit, Ern\u00e4hrung, Wasser, Natur, Landwirtschaft und Eigenverantwortung.<\/p>\n<!-- \/wp:paragraph -->\n\n<!-- wp:paragraph -->\n<p><strong>\ud83c\uddf5\ud83c\uddfe Leben &amp; Arbeiten in Paraguay<\/strong><br>Unternehmertum, Projekte, Erfahrungen, Chancen und das gemeinsame Leben in Paraguay.<\/p>\n<!-- \/wp:paragraph -->\n\n<!-- wp:paragraph -->\n<p><strong>\ud83c\udf0e Zukunft gemeinsam gestalten<\/strong><br>Gemeinschaft, Bildung, neue Ideen, Technologie, Medien, Wirtschaft und Wege in eine lebenswerte Zukunft.<\/p>\n<!-- \/wp:paragraph -->\n\n<!-- wp:paragraph -->\n<p>Geplant sind <strong>mehrere Referentinnen und Referenten vor Ort<\/strong>, erg\u00e4nzende <strong>virtuelle G\u00e4ste aus dem Ausland<\/strong>, Gespr\u00e4chsrunden sowie ausreichend Zeit f\u00fcr pers\u00f6nliche Begegnungen und Vernetzung.<\/p>\n<!-- \/wp:paragraph -->\n\n<!-- wp:paragraph -->\n<p>Auch Unternehmen, Initiativen, Projekte und Menschen mit interessanten L\u00f6sungen sollen die M\u00f6glichkeit bekommen, sich vor Ort zu pr\u00e4sentieren.<\/p>\n<!-- \/wp:paragraph -->\n\n<!-- wp:paragraph -->\n<p><strong>Die Veranstaltung wird von OKiTALK live ins Internet \u00fcbertragen.<\/strong><\/p>\n<!-- \/wp:paragraph -->\n\n<!-- wp:paragraph -->\n<p>Das vollst\u00e4ndige Programm, unsere Referenten, G\u00e4ste, Aussteller sowie weitere Informationen zur Veranstaltung werden in den kommenden Wochen bekannt gegeben.<\/p>\n<!-- \/wp:paragraph -->\n\n<!-- wp:heading {\"level\":3} -->\n<h3 class=\"wp-block-heading\">Wir suchen und laden ein<\/h3>\n<!-- \/wp:heading -->\n\n<!-- wp:paragraph -->\n<p>F\u00fcr die Programmgestaltung freuen wir uns bereits jetzt \u00fcber Kontakte zu <strong>Referentinnen und Referenten, Unternehmern, Projekten, Initiativen, m\u00f6glichen Ausstellern, Sponsoren und Kooperationspartnern<\/strong>, die zu diesem Tag etwas Sinnvolles beitragen m\u00f6chten.<\/p>\n<!-- \/wp:paragraph -->\n\n<!-- wp:paragraph -->\n<p>Im Mittelpunkt stehen nicht Parteizugeh\u00f6rigkeit oder Bekanntheitsgrad, sondern <strong>Menschen, Erfahrungen, Ideen und L\u00f6sungen.<\/strong><\/p>\n<!-- \/wp:paragraph -->\n\n<!-- wp:paragraph -->\n<p><strong>Probleme erkennen. L\u00f6sungen vorstellen. Menschen verbinden.<\/strong><\/p>\n<!-- \/wp:paragraph -->\n\n<!-- wp:heading {\"level\":3} -->\n<h3 class=\"wp-block-heading\">Veranstaltungsinformation<\/h3>\n<!-- \/wp:heading -->\n\n<!-- wp:paragraph -->\n<p>\ud83d\udcc5 <strong>Samstag, 24. Oktober 2026<\/strong><br>\ud83d\udccd <strong>Paraguay \u2013 Festivalgel\u00e4nde<\/strong><br>\ud83c\udfa5 <strong>Live\u00fcbertragung durch OKiTALK<\/strong><br>\ud83c\udf0e Deutsch &amp; Spanisch \/ Dolmetscher vorgesehen<br>\ud83c\udfa4 Vortr\u00e4ge \u00b7 Gespr\u00e4che \u00b7 Vernetzung \u00b7 Aussteller \u00b7 Livestream<\/p>\n<!-- \/wp:paragraph -->\n\n<!-- wp:paragraph -->\n<p><strong>Weitere Programminformationen folgen.<\/strong><\/p>\n<!-- \/wp:paragraph -->\n\n<!-- wp:heading {\"level\":3} -->\n<h3 class=\"wp-block-heading\">Kontakt<\/h3>\n<!-- \/wp:heading -->\n\n<!-- wp:paragraph -->\n<p><strong>Klaus Glatzel<\/strong><br><strong>OKiTALK \u2013 von Mensch zu Mensch<\/strong><br>\ud83d\udce7 <a href=\"mailto:office@okitalk.news\">office@okitalk.news<\/a><br>\ud83d\udcf1 WhatsApp: +595 983 565 813<br>\ud83d\udcac Telegram: @OKiTalk1<br>\ud83c\udf10 okitalk.news<\/p>\n<!-- \/wp:paragraph -->","_de_post_excerpt":"","_de_post_title":"\ud83c\uddf5\ud83c\uddfe PARAGUAY IM DIALOG \u2013 Von Mensch zu Mensch | OKiTALK LIVE-EVENT","_de_post_name":"%f0%9f%87%b5%f0%9f%87%be-paraguay-im-dialog-von-mensch-zu-mensch-okitalk-live-event","_es_post_content":"<!-- wp:paragraph -->\n<p><strong>\ud83c\uddf5\ud83c\uddfe PARAGUAY EN DI\u00c1LOGO \u2013 De persona a persona | EVENTO EN VIVO DE OKiTALK<\/strong><\/p>\n<!-- \/wp:paragraph -->\n\n<!-- wp:paragraph -->\n<p><strong>S\u00e1bado, 24 de octubre de 2026 | Paraguay<\/strong><\/p>\n<!-- \/wp:paragraph -->\n\n<!-- wp:heading {\"level\":3} -->\n<h3 class=\"wp-block-heading\">Texto principal para el programa<\/h3>\n<!-- \/wp:heading -->\n\n<!-- wp:paragraph -->\n<p><strong>OKiTALK invita al primer evento \"Paraguay en Di\u00e1logo\".<\/strong><\/p>\n<!-- \/wp:paragraph -->\n\n<!-- wp:paragraph -->\n<p>El <strong>s\u00e1bado, 24 de octubre de 2026<\/strong>, reuniremos en nuestro recinto de festival en Paraguay a personas que no solo hablar\u00e1n sobre desaf\u00edos, sino que <strong>presentar\u00e1n ideas, experiencias y caminos de soluci\u00f3n concretos<\/strong>.<\/p>\n<!-- \/wp:paragraph -->\n\n<!-- wp:paragraph -->\n<p>Bajo el lema<\/p>\n<!-- \/wp:paragraph -->\n\n<!-- wp:paragraph -->\n<p><strong>\"De persona a persona \u2013 Paraguay en Di\u00e1logo\"<\/strong><\/p>\n<!-- \/wp:paragraph -->\n\n<!-- wp:paragraph -->\n<p>dedicaremos el d\u00eda a tres grandes \u00e1reas tem\u00e1ticas:<\/p>\n<!-- \/wp:paragraph -->\n\n<!-- wp:paragraph -->\n<p><strong>\ud83c\udf31 Vida &amp; Salud<\/strong><br>Salud, alimentaci\u00f3n, agua, naturaleza, agricultura y responsabilidad personal.<\/p>\n<!-- \/wp:paragraph -->\n\n<!-- wp:paragraph -->\n<p><strong>\ud83c\uddf5\ud83c\uddfe Vida &amp; Trabajo en Paraguay<\/strong><br>Emprendimiento, proyectos, experiencias, oportunidades y la vida en com\u00fan en Paraguay.<\/p>\n<!-- \/wp:paragraph -->\n\n<!-- wp:paragraph -->\n<p><strong>\ud83c\udf0e Construyendo el futuro juntos<\/strong><br>Comunidad, educaci\u00f3n, nuevas ideas, tecnolog\u00eda, medios, econom\u00eda y caminos hacia un futuro habitable.<\/p>\n<!-- \/wp:paragraph -->\n\n<!-- wp:paragraph -->\n<p>Se planean <strong>varios ponentes en el lugar<\/strong>, <strong>invitados virtuales del extranjero<\/strong>, mesas de discusi\u00f3n y suficiente tiempo para encuentros personales y networking.<\/p>\n<!-- \/wp:paragraph -->\n\n<!-- wp:paragraph -->\n<p>Tambi\u00e9n se dar\u00e1 la oportunidad a empresas, iniciativas, proyectos y personas con soluciones interesantes para presentarse en el lugar.<\/p>\n<!-- \/wp:paragraph -->\n\n<!-- wp:paragraph -->\n<p><strong>El evento ser\u00e1 transmitido en vivo por OKiTALK.<\/strong><\/p>\n<!-- \/wp:paragraph -->\n\n<!-- wp:paragraph -->\n<p>El programa completo, nuestros ponentes, invitados, expositores y m\u00e1s informaci\u00f3n sobre el evento se anunciar\u00e1n en las pr\u00f3ximas semanas.<\/p>\n<!-- \/wp:paragraph -->\n\n<!-- wp:heading {\"level\":3} -->\n<h3 class=\"wp-block-heading\">Buscamos e invitamos<\/h3>\n<!-- \/wp:heading -->\n\n<!-- wp:paragraph -->\n<p>Para la programaci\u00f3n, ya estamos entusiasmados por contactos con <strong>ponentes, empresarios, proyectos, iniciativas, posibles expositores, patrocinadores y socios de cooperaci\u00f3n<\/strong> que deseen contribuir de manera significativa a este d\u00eda.<\/p>\n<!-- \/wp:paragraph -->\n\n<!-- wp:paragraph -->\n<p>No se trata de afiliaci\u00f3n pol\u00edtica o grado de notoriedad, sino de <strong>personas, experiencias, ideas y soluciones.<\/strong><\/p>\n<!-- \/wp:paragraph -->\n\n<!-- wp:paragraph -->\n<p><strong>Reconocer problemas. Presentar soluciones. Conectar personas.<\/strong><\/p>\n<!-- \/wp:paragraph -->\n\n<!-- wp:heading {\"level\":3} -->\n<h3 class=\"wp-block-heading\">Informaci\u00f3n del evento<\/h3>\n<!-- \/wp:heading -->\n\n<!-- wp:paragraph -->\n<p>\ud83d\udcc5 <strong>S\u00e1bado, 24 de octubre de 2026<\/strong><br>\ud83d\udccd <strong>Paraguay \u2013 Recinto del festival<\/strong><br>\ud83c\udfa5 <strong>Transmisi\u00f3n en vivo por OKiTALK<\/strong><br>\ud83c\udf0e Alem\u00e1n &amp; Espa\u00f1ol \/ Int\u00e9rpretes previstos<br>\ud83c\udfa4 Conferencias \u00b7 Conversaciones \u00b7 Networking \u00b7 Expositores \u00b7 Livestream<\/p>\n<!-- \/wp:paragraph -->\n\n<!-- wp:paragraph -->\n<p><strong>M\u00e1s informaci\u00f3n sobre el programa seguir\u00e1.<\/strong><\/p>\n<!-- \/wp:paragraph -->\n\n<!-- wp:heading {\"level\":3} -->\n<h3 class=\"wp-block-heading\">Contacto<\/h3>\n<!-- \/wp:heading -->\n\n<!-- wp:paragraph -->\n<p><strong>Klaus Glatzel<\/strong><br><strong>OKiTALK \u2013 de persona a persona<\/strong><br>\ud83d\udce7 <a href=\"mailto:office@okitalk.news\">office@okitalk.news<\/a><br>\ud83d\udcf1 WhatsApp: +595 983 565 813<br>\ud83d\udcac Telegram: @OKiTalk1<br>\ud83c\udf10 okitalk.news<\/p>\n<!-- \/wp:paragraph -->","_es_post_excerpt":"","_es_post_title":"\ud83c\uddf5\ud83c\uddfe PARAGUAY EN DI\u00c1LOGO \u2013 De persona a persona | OKiTALK EVENTO EN VIVO","_es_post_name":"","edit_language":"de"},"_links":{"self":[{"href":"https:\/\/okitalk.news\/de\/wp-json\/wp\/v2\/okitalk_video\/17307","targetHints":{"allow":["GET"]}}],"collection":[{"href":"https:\/\/okitalk.news\/de\/wp-json\/wp\/v2\/okitalk_video"}],"about":[{"href":"https:\/\/okitalk.news\/de\/wp-json\/wp\/v2\/types\/okitalk_video"}],"replies":[{"embeddable":true,"href":"https:\/\/okitalk.news\/de\/wp-json\/wp\/v2\/comments?post=17307"}],"version-history":[{"count":2,"href":"https:\/\/okitalk.news\/de\/wp-json\/wp\/v2\/okitalk_video\/17307\/revisions"}],"predecessor-version":[{"id":17310,"href":"https:\/\/okitalk.news\/de\/wp-json\/wp\/v2\/okitalk_video\/17307\/revisions\/17310"}],"wp:featuredmedia":[{"embeddable":true,"href":"https:\/\/okitalk.news\/de\/wp-json\/wp\/v2\/media\/17308"}],"wp:attachment":[{"href":"https:\/\/okitalk.news\/de\/wp-json\/wp\/v2\/media?parent=17307"}],"wp:term":[{"taxonomy":"post_tag","embeddable":true,"href":"https:\/\/okitalk.news\/de\/wp-json\/wp\/v2\/tags?post=17307"},{"taxonomy":"okitalk_topic","embeddable":true,"href":"https:\/\/okitalk.news\/de\/wp-json\/wp\/v2\/okitalk_topic?post=17307"},{"taxonomy":"okitalk_guest","embeddable":true,"href":"https:\/\/okitalk.news\/de\/wp-json\/wp\/v2\/okitalk_guest?post=17307"}],"curies":[{"name":"wp","href":"https:\/\/api.w.org\/{rel}","templated":true}]}}