{"id":17281,"date":"2026-09-02T22:33:19","date_gmt":"2026-09-02T20:33:19","guid":{"rendered":"https:\/\/okitalk.news\/de\/video\/ec4b42\/automatisch-gespeicherter-entwurf\/"},"modified":"2026-09-02T23:08:26","modified_gmt":"2026-09-02T21:08:26","slug":"wiener-allianz-der-tschickstummelfighter-wien-sagt-den-tschickstummeln-den-kampf-an-ewwr-2026","status":"publish","type":"okitalk_video","link":"https:\/\/okitalk.news\/de\/video\/wiener-allianz-der-tschickstummelfighter-wien-sagt-den-tschickstummeln-den-kampf-an-ewwr-2026\/","title":{"rendered":"Wiener Allianz der Tschickstummelfighter &#8211; Wien sagt den Tschickstummeln den Kampf an &#8211; EWWR 2026"},"content":{"rendered":"\n<p class=\"wp-block-paragraph\"><strong>Wiener Allianz der Tschickstummelfighter &#8211; Wien sagt den Tschickstummeln den Kampf an &#8211; EWWR 2026<\/strong><\/p>\n\n\n\n<p class=\"wp-block-paragraph\">Zigarettenstummel geh\u00f6ren zu den h\u00e4ufigsten Abf\u00e4llen im \u00f6ffentlichen Raum \u2013 und sie sind weit mehr als ein \u00e4sthetisches Problem. Die Filter enthalten zahlreiche Schadstoffe, die \u00fcber Regenwasser in B\u00f6den und Grundwasser gelangen k\u00f6nnen und damit Umwelt, Biodiversit\u00e4t und letztlich auch die Gesundheit belasten.<\/p>\n\n\n\n<p class=\"wp-block-paragraph\"><br>Im Rahmen der&nbsp;Europ\u00e4ischen Woche der Abfallvermeidung&nbsp;\u2013 kurz EWWR (european week for waste reduction &#8211; webseite :<a href=\"http:\/\/www.ewwr.eu\/\">www.ewwr.eu<\/a>) \u2013 widmet sich eine Veranstaltung im Festsaal Favoriten deshalb einem besonders sichtbaren Problem: Dem Zigarettenabfall in Wien.&nbsp;Politik, Umweltinitiativen und Kunst kommen dabei zusammen, um Bewusstsein zu schaffen und konkrete L\u00f6sungen zu diskutieren.<\/p>\n\n\n\n<p class=\"wp-block-paragraph\"><br>Der Abend beginnt um 18 Uhr mit der Begr\u00fc\u00dfung durch&nbsp;<br><a href=\"https:\/\/austria.representation.ec.europa.eu\/patrick-lobis-0_de\">Patrick Lobis<\/a>&nbsp;(Vertreter der&nbsp;Europ\u00e4ischen Kommission in \u00d6sterreich)<br><a href=\"https:\/\/www.youtube.com\/shorts\/12O7kmrRIUA\">MarcusFranz<\/a>&nbsp;(Bezirksvorsteher&nbsp;Favoriten)&nbsp;und&nbsp;<br><a href=\"https:\/\/www.wien.gv.at\/kontakt\/juergen-czernohorszky\">J\u00fcrgen Czernohorszky&nbsp;<\/a>(Stadtrat f\u00fcr Klimaschutz, Umwelt und Demokratie)<br>Anschlie\u00dfend wird die Vernissage er\u00f6ffnet, bei der unterschiedliche k\u00fcnstlerische Zug\u00e4nge zum Thema Umwelt und Natur zu sehen sind. (SDG12 &#8211; Nachhaltigkeitsziel 12)<br>Der Guinness-Weltrekord-K\u00fcnstler&nbsp;<a href=\"https:\/\/www.lebenskunst.cc\/\">Ronald \u201eHero\u201c Heberling&nbsp;<\/a>pr\u00e4sentiert sein Projekt \u201eInfected Earth\u201c.&nbsp;<\/p>\n\n\n\n<p class=\"wp-block-paragraph\"><br><a href=\"https:\/\/www.instagram.com\/vienna_tschick_challenge\/\">Irene Holloway&nbsp;<\/a>stellt die \u201eVienna Tschick Challenge\u201c vor.&nbsp;<br>Der Fotograf&nbsp;<a href=\"https:\/\/www.linkedin.com\/in\/christian-kantner-4a664295\/\">Christian Kantner<\/a>&nbsp;zeigt mit \u201eUnsichtbare Sch\u00f6nheiten \u2013 die Magie der Insekten\u201c die faszinierende Welt der Makrofotografie, w\u00e4hrend&nbsp;<a href=\"https:\/\/www.instagram.com\/AngelSJunk\/\">Angelika Schlager<\/a>&nbsp;mit \u201eNatur mit Beigeschmack\u201c ebenfalls einen kritischen Blick auf unser Verh\u00e4ltnis zur Umwelt wirft. Danach richtet sich der Blick unmittelbar auf Wien: Bei einer Kurzpr\u00e4sentation von&nbsp;<a href=\"https:\/\/www.planetmatters.net\/de\/\">Planet Matters<\/a>&nbsp;geht es um das Ausma\u00df des Zigarettenabfalls in der Stadt. <\/p>\n\n\n\n<p class=\"wp-block-paragraph\">Mit dabei ist&nbsp;Felix Krainer, der mit rund drei Millionen TikTok-Followern ein gro\u00dfes Publikum erreicht und unter anderem in der Forbes-Auswahl \u201e30 Under 30\u201c vertreten war. Im Mittelpunkt des weiteren Abends steht die Frage:&nbsp;Was passiert eigentlich mit einem weggeworfenen Zigarettenfilter?<\/p>\n\n\n\n<p class=\"wp-block-paragraph\"><br><a href=\"https:\/\/docs.google.com\/presentation\/d\/1qhjtKYbyBq3Gl5XysOyXVvFRo1fAq50yt16orWWElQY\/edit?slide=id.g35f67572ca7_0_0#slide=id.g35f67572ca7_0_0\">Stella Wittmann von Circular Wien<\/a>&nbsp;berichtet \u00fcber Aktivit\u00e4ten in Favoriten und in ganz Wien. Dabei geht es insbesondere um die Reduktion von Zigarettenfiltern und um deren toxische Auswirkungen auf Biodiversit\u00e4t, Grundwasser und Gesundheit. Zum Abschluss wird es politisch und konkret: Bei einer offenen Diskussionsrunde treffen Vertreterinnen und Vertreter aus Politik und Bezirken aufeinander. Gemeinsam sollen&nbsp;konkrete Ma\u00dfnahmen gegen den Zigarettenabfall&nbsp;entwickelt werden. <\/p>\n\n\n\n<p class=\"wp-block-paragraph\">Au\u00dferdem pr\u00e4sentieren die Bezirke mitgebrachte&nbsp;<a href=\"https:\/\/www.google.com\/search?sa=X&amp;sca_esv=f2825a487c38b9a5&amp;sxsrf=APpeQnuxr-7uic1tPdJYDbD7aCQykya6dg:1788303105003&amp;udm=2&amp;fbs=ABfTbFUyxjQn9bne4DuflY2dNqqKA7Y2TZ8Ei_pHfBCsg19GRt9ZjBaAOS24Cp1iemOMNna9MqyyKDV1urQ5u2TremsQ-0jJtzewbpnyfVGTcCytgFyvp7lClfNHbKq5JJuUYP8JBXAWLeZWsqYSfgiGCM6YZSQnF5X4MEG6dtR2_iLlkgUEa8dkhyCn0LY0ETaQFuKxfWlEu5A2ZkfBDx4fXJA2p55AcA&amp;q=taschenascher&amp;ved=2ahUKEwjB4cuavM6WAxWjFhAIHVE7MZoQtKgLegQIEBAB&amp;biw=1280&amp;bih=665&amp;dpr=2\">TASCHENASCHER<\/a>&nbsp;\u2013 eine einfache, aber praktische M\u00f6glichkeit, Zigarettenstummel unterwegs richtig zu entsorgen. Die Veranstaltung zeigt damit: Abfallvermeidung ist nicht nur eine Frage von M\u00fclltonnen und Sauberkeit. Sie ist eine Frage von&nbsp;Umweltschutz, Gesundheit, Bewusstseinsbildung und gemeinsamer Verantwortung.Die Botschaft des Abends ist klar: <\/p>\n\n\n\n<p class=\"wp-block-paragraph\">Ein kleiner Zigarettenstummel mag unscheinbar wirken \u2013 seine Auswirkungen auf die Umwelt sind es nicht. Wien will deshalb genauer hinschauen, Bewusstsein schaffen und gemeinsam mit Kunst, Politik und Bev\u00f6lkerung Wege finden, die Stadt sauberer und die Umwelt ges\u00fcnder zu machen. Schlussendlich sollen die Hersteller f\u00fcr die M\u00fclleinsammelgeb\u00fchr&nbsp;der Stummeln oder Kippen bezahlen: <\/p>\n\n\n\n<p class=\"wp-block-paragraph\"><strong>Die Petition&nbsp;<\/strong><br><a href=\"http:\/\/www.zigarettenpfand.eu\/\">www.zigarettenpfand.eu&nbsp;<\/a>kann noch immer EU weit unterschrieben werden.<br><strong>Video :<\/strong>&nbsp;<a href=\"https:\/\/www.youtube.com\/watch?v=NB5BpMiUD8A\">Schock \u2013 Zigarettenfilter zerst\u00f6ren Leben<\/a>&nbsp;(Dauer 3 Min 43)<br><a href=\"https:\/\/www.youtube.com\/watch?v=QLazV-ej9OY\">Pflanzensterben wegen Zigaretten<\/a><br>(Dauer: 2 Min 51)<br><strong>Veranstaltungstag. 26.11.26<a href=\"https:\/\/zigarettenpfand.eu\/\">&nbsp;<\/a><br>Veranstaltungsort:&nbsp;Festsaal Favoriten Beginn:&nbsp;18.00 Uhr<br>Ende 20 Uhr&nbsp;<\/strong><\/p>\n\n\n\n<p class=\"wp-block-paragraph\"><strong>Anmeldung unter: stellawitt1968@gmail.com<\/strong><\/p>\n","protected":false},"excerpt":{"rendered":"<p>Wiener Allianz der Tschickstummelfighter &#8211; Wien sagt den Tschickstummeln den Kampf an &#8211; EWWR 2026 Zigarettenstummel geh\u00f6ren zu den h\u00e4ufigsten Abf\u00e4llen im \u00f6ffentlichen Raum \u2013 und sie sind weit mehr als ein \u00e4sthetisches Problem. Die Filter enthalten zahlreiche Schadstoffe, die \u00fcber Regenwasser in B\u00f6den und Grundwasser gelangen k\u00f6nnen und damit Umwelt, Biodiversit\u00e4t und letztlich auch [&hellip;]<\/p>\n","protected":false},"featured_media":17282,"menu_order":0,"comment_status":"open","ping_status":"closed","template":"","tags":[2353,34,2352,2354],"okitalk_topic":[],"okitalk_guest":[],"class_list":["post-17281","okitalk_video","type-okitalk_video","status-publish","has-post-thumbnail","hentry","tag-abfallvermeidung","tag-okitalk","tag-stella-wittmann","tag-umweltinitiativen"],"meta":{"_en_post_content":"<!-- wp:paragraph -->\n<p><strong>Vienna Alliance of Cigarette Butt Fighters - Vienna Takes on Cigarette Butts - EWWR 2026<\/strong><\/p>\n<!-- \/wp:paragraph -->\n\n<!-- wp:paragraph -->\n<p>Cigarette butts are among the most common types of waste in public spaces \u2013 and they are much more than just an aesthetic problem. The filters contain numerous pollutants that can enter soils and groundwater through rainwater, thereby burdening the environment, biodiversity, and ultimately health.<\/p>\n<!-- \/wp:paragraph -->\n\n<!-- wp:paragraph -->\n<p><br>As part of the&nbsp;European Week for Waste Reduction&nbsp;\u2013 short EWWR (european week for waste reduction - website: <a href=\"http:\/\/www.ewwr.eu\/\">www.ewwr.eu<\/a>) \u2013 an event in the Festsaal Favoriten is dedicated to a particularly visible problem: cigarette waste in Vienna. Politics, environmental initiatives, and art come together to raise awareness and discuss concrete solutions.<\/p>\n<!-- \/wp:paragraph -->\n\n<!-- wp:paragraph -->\n<p><br>The evening begins at 6 PM with a welcome from&nbsp;<br><a href=\"https:\/\/austria.representation.ec.europa.eu\/patrick-lobis-0_de\">Patrick Lobis<\/a>&nbsp;(representative of the&nbsp;European Commission in Austria)<br><a href=\"https:\/\/www.youtube.com\/shorts\/12O7kmrRIUA\">Marcus Franz<\/a>&nbsp;(district leader of&nbsp;Favoriten)&nbsp;and&nbsp;<br><a href=\"https:\/\/www.wien.gv.at\/kontakt\/juergen-czernohorszky\">J\u00fcrgen Czernohorszky&nbsp;<\/a>(City Councilor for Climate Protection, Environment, and Democracy)<br>Following this, the vernissage will be opened, showcasing various artistic approaches to the theme of environment and nature. (SDG12 - Sustainability Goal 12)<br>The Guinness World Record artist&nbsp;<a href=\"https:\/\/www.lebenskunst.cc\/\">Ronald \u201cHero\u201d Heberling&nbsp;<\/a>will present his project \u201cInfected Earth.\u201d&nbsp;<\/p>\n<!-- \/wp:paragraph -->\n\n<!-- wp:paragraph -->\n<p><br><a href=\"https:\/\/www.instagram.com\/vienna_tschick_challenge\/\">Irene Holloway&nbsp;<\/a>will introduce the \u201cVienna Tschick Challenge.\u201d&nbsp;<br>The photographer&nbsp;<a href=\"https:\/\/www.linkedin.com\/in\/christian-kantner-4a664295\/\">Christian Kantner<\/a>&nbsp;will show \u201cInvisible Beauties \u2013 the Magic of Insects,\u201d revealing the fascinating world of macro photography, while&nbsp;<a href=\"https:\/\/www.instagram.com\/AngelSJunk\/\">Angelika Schlager<\/a>&nbsp;will also take a critical look at our relationship with the environment in \u201cNature with a Taste.\u201d Afterward, the focus will turn directly to Vienna: In a short presentation by&nbsp;<a href=\"https:\/\/www.planetmatters.net\/de\/\">Planet Matters<\/a>&nbsp;the extent of cigarette waste in the city will be discussed.<\/p>\n<!-- \/wp:paragraph -->\n\n<!-- wp:paragraph -->\n<p>Joining is&nbsp;Felix Krainer, who reaches a large audience with around three million TikTok followers and was featured in Forbes' \u201c30 Under 30.\u201d The focus of the rest of the evening will be the question: What actually happens to a discarded cigarette filter?<\/p>\n<!-- \/wp:paragraph -->\n\n<!-- wp:paragraph -->\n<p><br><a href=\"https:\/\/docs.google.com\/presentation\/d\/1qhjtKYbyBq3Gl5XysOyXVvFRo1fAq50yt16orWWElQY\/edit?slide=id.g35f67572ca7_0_0#slide=id.g35f67572ca7_0_0\">Stella Wittmann from Circular Vienna<\/a>&nbsp;will report on activities in Favoriten and throughout Vienna. This will particularly address the reduction of cigarette filters and their toxic effects on biodiversity, groundwater, and health. To conclude, it will get political and concrete: In an open discussion round, representatives from politics and districts will meet. Together, concrete measures against cigarette waste will be developed.<\/p>\n<!-- \/wp:paragraph -->\n\n<!-- wp:paragraph -->\n<p>Additionally, the districts will present brought&nbsp;<a href=\"https:\/\/www.google.com\/search?sa=X&amp;sca_esv=f2825a487c38b9a5&amp;sxsrf=APpeQnuxr-7uic1tPdJYDbD7aCQykya6dg:1788303105003&amp;udm=2&amp;fbs=ABfTbFUyxjQn9bne4DuflY2dNqqKA7Y2TZ8Ei_pHfBCsg19GRt9ZjBaAOS24Cp1iemOMNna9MqyyKDV1urQ5u2TremsQ-0jJtzewbpnyfVGTcCytgFyvp7lClfNHbKq5JJuUYP8JBXAWLeZWsqYSfgiGCM6YZSQnF5X4MEG6dtR2_iLlkgUEa8dkhyCn0LY0ETaQFuKxfWlEu5A2ZkfBDx4fXJA2p55AcA&amp;q=taschenascher&amp;ved=2ahUKEwjB4cuavM6WAxWjFhAIHVE7MZoQtKgLegQIEBAB&amp;biw=1280&amp;bih=665&amp;dpr=2\">POCKET ASH TRAYS<\/a>&nbsp;\u2013 a simple but practical way to properly dispose of cigarette butts on the go. The event thus demonstrates: Waste reduction is not just a matter of garbage bins and cleanliness. It is a matter of&nbsp;environmental protection, health, awareness-raising, and shared responsibility. The message of the evening is clear: <\/p>\n<!-- \/wp:paragraph -->\n\n<!-- wp:paragraph -->\n<p>A small cigarette butt may seem inconspicuous \u2013 its impact on the environment is not. Vienna therefore wants to take a closer look, raise awareness, and together with art, politics, and the population find ways to make the city cleaner and the environment healthier. Ultimately, manufacturers should pay for the waste collection fee for the butts or stubs: <\/p>\n<!-- \/wp:paragraph -->\n\n<!-- wp:paragraph -->\n<p><strong>The petition&nbsp;<\/strong><br><a href=\"http:\/\/www.zigarettenpfand.eu\/\">www.zigarettenpfand.eu&nbsp;<\/a>can still be signed across the EU.<br><strong>Video:<\/strong>&nbsp;<a href=\"https:\/\/www.youtube.com\/watch?v=NB5BpMiUD8A\">Shock \u2013 Cigarette Filters Destroy Lives<\/a>&nbsp;(Duration 3 min 43)<br><a href=\"https:\/\/www.youtube.com\/watch?v=QLazV-ej9OY\">Plant Die-off Due to Cigarettes<\/a><br>(Duration: 2 min 51)<br><strong>Event Date: 26.11.26<a href=\"https:\/\/zigarettenpfand.eu\/\">&nbsp;<\/a><br>Venue:&nbsp;Festsaal Favoriten Start:&nbsp;6:00 PM<br>End 8:00 PM&nbsp;<\/strong><\/p>\n<!-- \/wp:paragraph -->\n\n<!-- wp:paragraph -->\n<p><strong>Registration at: stellawitt1968@gmail.com<\/strong><\/p>\n<!-- \/wp:paragraph -->","_en_post_excerpt":"","_en_post_title":"Vienna Alliance of Cigarette Stub Fighters - Vienna Declares War on Cigarette Stubs - EWWR 2026","_en_post_name":"","_de_post_content":"<!-- wp:paragraph -->\n<p><strong>Wiener Allianz der Tschickstummelfighter - Wien sagt den Tschickstummeln den Kampf an - EWWR 2026<\/strong><\/p>\n<!-- \/wp:paragraph -->\n\n<!-- wp:paragraph -->\n<p>Zigarettenstummel geh\u00f6ren zu den h\u00e4ufigsten Abf\u00e4llen im \u00f6ffentlichen Raum \u2013 und sie sind weit mehr als ein \u00e4sthetisches Problem. Die Filter enthalten zahlreiche Schadstoffe, die \u00fcber Regenwasser in B\u00f6den und Grundwasser gelangen k\u00f6nnen und damit Umwelt, Biodiversit\u00e4t und letztlich auch die Gesundheit belasten.<\/p>\n<!-- \/wp:paragraph -->\n\n<!-- wp:paragraph -->\n<p><br>Im Rahmen der&nbsp;Europ\u00e4ischen Woche der Abfallvermeidung&nbsp;\u2013 kurz EWWR (european week for waste reduction - webseite :<a href=\"http:\/\/www.ewwr.eu\/\">www.ewwr.eu<\/a>) \u2013 widmet sich eine Veranstaltung im Festsaal Favoriten deshalb einem besonders sichtbaren Problem: Dem Zigarettenabfall in Wien.&nbsp;Politik, Umweltinitiativen und Kunst kommen dabei zusammen, um Bewusstsein zu schaffen und konkrete L\u00f6sungen zu diskutieren.<\/p>\n<!-- \/wp:paragraph -->\n\n<!-- wp:paragraph -->\n<p><br>Der Abend beginnt um 18 Uhr mit der Begr\u00fc\u00dfung durch&nbsp;<br><a href=\"https:\/\/austria.representation.ec.europa.eu\/patrick-lobis-0_de\">Patrick Lobis<\/a>&nbsp;(Vertreter der&nbsp;Europ\u00e4ischen Kommission in \u00d6sterreich)<br><a href=\"https:\/\/www.youtube.com\/shorts\/12O7kmrRIUA\">MarcusFranz<\/a>&nbsp;(Bezirksvorsteher&nbsp;Favoriten)&nbsp;und&nbsp;<br><a href=\"https:\/\/www.wien.gv.at\/kontakt\/juergen-czernohorszky\">J\u00fcrgen Czernohorszky&nbsp;<\/a>(Stadtrat f\u00fcr Klimaschutz, Umwelt und Demokratie)<br>Anschlie\u00dfend wird die Vernissage er\u00f6ffnet, bei der unterschiedliche k\u00fcnstlerische Zug\u00e4nge zum Thema Umwelt und Natur zu sehen sind. (SDG12 - Nachhaltigkeitsziel 12)<br>Der Guinness-Weltrekord-K\u00fcnstler&nbsp;<a href=\"https:\/\/www.lebenskunst.cc\/\">Ronald \u201eHero\u201c Heberling&nbsp;<\/a>pr\u00e4sentiert sein Projekt \u201eInfected Earth\u201c.&nbsp;<\/p>\n<!-- \/wp:paragraph -->\n\n<!-- wp:paragraph -->\n<p><br><a href=\"https:\/\/www.instagram.com\/vienna_tschick_challenge\/\">Irene Holloway&nbsp;<\/a>stellt die \u201eVienna Tschick Challenge\u201c vor.&nbsp;<br>Der Fotograf&nbsp;<a href=\"https:\/\/www.linkedin.com\/in\/christian-kantner-4a664295\/\">Christian Kantner<\/a>&nbsp;zeigt mit \u201eUnsichtbare Sch\u00f6nheiten \u2013 die Magie der Insekten\u201c die faszinierende Welt der Makrofotografie, w\u00e4hrend&nbsp;<a href=\"https:\/\/www.instagram.com\/AngelSJunk\/\">Angelika Schlager<\/a>&nbsp;mit \u201eNatur mit Beigeschmack\u201c ebenfalls einen kritischen Blick auf unser Verh\u00e4ltnis zur Umwelt wirft. Danach richtet sich der Blick unmittelbar auf Wien: Bei einer Kurzpr\u00e4sentation von&nbsp;<a href=\"https:\/\/www.planetmatters.net\/de\/\">Planet Matters<\/a>&nbsp;geht es um das Ausma\u00df des Zigarettenabfalls in der Stadt. <\/p>\n<!-- \/wp:paragraph -->\n\n<!-- wp:paragraph -->\n<p>Mit dabei ist&nbsp;Felix Krainer, der mit rund drei Millionen TikTok-Followern ein gro\u00dfes Publikum erreicht und unter anderem in der Forbes-Auswahl \u201e30 Under 30\u201c vertreten war. Im Mittelpunkt des weiteren Abends steht die Frage:&nbsp;Was passiert eigentlich mit einem weggeworfenen Zigarettenfilter?<\/p>\n<!-- \/wp:paragraph -->\n\n<!-- wp:paragraph -->\n<p><br><a href=\"https:\/\/docs.google.com\/presentation\/d\/1qhjtKYbyBq3Gl5XysOyXVvFRo1fAq50yt16orWWElQY\/edit?slide=id.g35f67572ca7_0_0#slide=id.g35f67572ca7_0_0\">Stella Wittmann von Circular Wien<\/a>&nbsp;berichtet \u00fcber Aktivit\u00e4ten in Favoriten und in ganz Wien. Dabei geht es insbesondere um die Reduktion von Zigarettenfiltern und um deren toxische Auswirkungen auf Biodiversit\u00e4t, Grundwasser und Gesundheit. Zum Abschluss wird es politisch und konkret: Bei einer offenen Diskussionsrunde treffen Vertreterinnen und Vertreter aus Politik und Bezirken aufeinander. Gemeinsam sollen&nbsp;konkrete Ma\u00dfnahmen gegen den Zigarettenabfall&nbsp;entwickelt werden. <\/p>\n<!-- \/wp:paragraph -->\n\n<!-- wp:paragraph -->\n<p>Au\u00dferdem pr\u00e4sentieren die Bezirke mitgebrachte&nbsp;<a href=\"https:\/\/www.google.com\/search?sa=X&amp;sca_esv=f2825a487c38b9a5&amp;sxsrf=APpeQnuxr-7uic1tPdJYDbD7aCQykya6dg:1788303105003&amp;udm=2&amp;fbs=ABfTbFUyxjQn9bne4DuflY2dNqqKA7Y2TZ8Ei_pHfBCsg19GRt9ZjBaAOS24Cp1iemOMNna9MqyyKDV1urQ5u2TremsQ-0jJtzewbpnyfVGTcCytgFyvp7lClfNHbKq5JJuUYP8JBXAWLeZWsqYSfgiGCM6YZSQnF5X4MEG6dtR2_iLlkgUEa8dkhyCn0LY0ETaQFuKxfWlEu5A2ZkfBDx4fXJA2p55AcA&amp;q=taschenascher&amp;ved=2ahUKEwjB4cuavM6WAxWjFhAIHVE7MZoQtKgLegQIEBAB&amp;biw=1280&amp;bih=665&amp;dpr=2\">TASCHENASCHER<\/a>&nbsp;\u2013 eine einfache, aber praktische M\u00f6glichkeit, Zigarettenstummel unterwegs richtig zu entsorgen. Die Veranstaltung zeigt damit: Abfallvermeidung ist nicht nur eine Frage von M\u00fclltonnen und Sauberkeit. Sie ist eine Frage von&nbsp;Umweltschutz, Gesundheit, Bewusstseinsbildung und gemeinsamer Verantwortung.Die Botschaft des Abends ist klar: <\/p>\n<!-- \/wp:paragraph -->\n\n<!-- wp:paragraph -->\n<p>Ein kleiner Zigarettenstummel mag unscheinbar wirken \u2013 seine Auswirkungen auf die Umwelt sind es nicht. Wien will deshalb genauer hinschauen, Bewusstsein schaffen und gemeinsam mit Kunst, Politik und Bev\u00f6lkerung Wege finden, die Stadt sauberer und die Umwelt ges\u00fcnder zu machen. Schlussendlich sollen die Hersteller f\u00fcr die M\u00fclleinsammelgeb\u00fchr&nbsp;der Stummeln oder Kippen bezahlen: <\/p>\n<!-- \/wp:paragraph -->\n\n<!-- wp:paragraph -->\n<p><strong>Die Petition&nbsp;<\/strong><br><a href=\"http:\/\/www.zigarettenpfand.eu\/\">www.zigarettenpfand.eu&nbsp;<\/a>kann noch immer EU weit unterschrieben werden.<br><strong>Video :<\/strong>&nbsp;<a href=\"https:\/\/www.youtube.com\/watch?v=NB5BpMiUD8A\">Schock \u2013 Zigarettenfilter zerst\u00f6ren Leben<\/a>&nbsp;(Dauer 3 Min 43)<br><a href=\"https:\/\/www.youtube.com\/watch?v=QLazV-ej9OY\">Pflanzensterben wegen Zigaretten<\/a><br>(Dauer: 2 Min 51)<br><strong>Veranstaltungstag. 26.11.26<a href=\"https:\/\/zigarettenpfand.eu\/\">&nbsp;<\/a><br>Veranstaltungsort:&nbsp;Festsaal Favoriten Beginn:&nbsp;18.00 Uhr<br>Ende 20 Uhr&nbsp;<\/strong><\/p>\n<!-- \/wp:paragraph -->\n\n<!-- wp:paragraph -->\n<p><strong>Anmeldung unter: stellawitt1968@gmail.com<\/strong><\/p>\n<!-- \/wp:paragraph -->","_de_post_excerpt":"","_de_post_title":"Wiener Allianz der Tschickstummelfighter - Wien sagt den Tschickstummeln den Kampf an - EWWR 2026","_de_post_name":"wiener-allianz-der-tschickstummelfighter-wien-sagt-den-tschickstummeln-den-kampf-an-ewwr-2026","_es_post_content":"<!-- wp:paragraph -->\n<p><strong>Alianza de Viena de los luchadores contra las colillas - Viena declara la guerra a las colillas - EWWR 2026<\/strong><\/p>\n<!-- \/wp:paragraph -->\n\n<!-- wp:paragraph -->\n<p>Las colillas de cigarrillos son uno de los desechos m\u00e1s comunes en el espacio p\u00fablico, y son mucho m\u00e1s que un problema est\u00e9tico. Los filtros contienen numerosas sustancias t\u00f3xicas que pueden llegar a los suelos y aguas subterr\u00e1neas a trav\u00e9s del agua de lluvia, afectando as\u00ed al medio ambiente, la biodiversidad y, en \u00faltima instancia, la salud.<\/p>\n<!-- \/wp:paragraph -->\n\n<!-- wp:paragraph -->\n<p><br>En el marco de la&nbsp;Semana Europea de la Prevenci\u00f3n de Residuos&nbsp;\u2013 abreviada EWWR (european week for waste reduction - sitio web: <a href=\"http:\/\/www.ewwr.eu\/\">www.ewwr.eu<\/a>) \u2013 un evento en el Sal\u00f3n de Festividades de Favoriten se dedica a un problema especialmente visible: el desecho de cigarrillos en Viena. La pol\u00edtica, las iniciativas ambientales y el arte se unen para crear conciencia y discutir soluciones concretas.<\/p>\n<!-- \/wp:paragraph -->\n\n<!-- wp:paragraph -->\n<p><br>La velada comienza a las 18 horas con la bienvenida de&nbsp;<br><a href=\"https:\/\/austria.representation.ec.europa.eu\/patrick-lobis-0_de\">Patrick Lobis<\/a>&nbsp;(representante de la&nbsp;Comisi\u00f3n Europea en Austria)<br><a href=\"https:\/\/www.youtube.com\/shorts\/12O7kmrRIUA\">Marcus Franz<\/a>&nbsp;(jefe del distrito de Favoriten)&nbsp;y&nbsp;<br><a href=\"https:\/\/www.wien.gv.at\/kontakt\/juergen-czernohorszky\">J\u00fcrgen Czernohorszky&nbsp;<\/a>(concejal de protecci\u00f3n clim\u00e1tica, medio ambiente y democracia)<br>A continuaci\u00f3n, se inaugurar\u00e1 la exposici\u00f3n, donde se podr\u00e1n ver diferentes enfoques art\u00edsticos sobre el tema del medio ambiente y la naturaleza. (ODS12 - Objetivo de Desarrollo Sostenible 12)<br>El artista del r\u00e9cord mundial Guinness&nbsp;<a href=\"https:\/\/www.lebenskunst.cc\/\">Ronald \"Hero\" Heberling&nbsp;<\/a>presentar\u00e1 su proyecto \"Infected Earth\".&nbsp;<\/p>\n<!-- \/wp:paragraph -->\n\n<!-- wp:paragraph -->\n<p><br><a href=\"https:\/\/www.instagram.com\/vienna_tschick_challenge\/\">Irene Holloway&nbsp;<\/a>presenta el \"Desaf\u00edo Tschick de Viena\".&nbsp;<br>El fot\u00f3grafo&nbsp;<a href=\"https:\/\/www.linkedin.com\/in\/christian-kantner-4a664295\/\">Christian Kantner<\/a>&nbsp;mostrar\u00e1 con \"Bellezas invisibles - la magia de los insectos\" el fascinante mundo de la macrofotograf\u00eda, mientras que&nbsp;<a href=\"https:\/\/www.instagram.com\/AngelSJunk\/\">Angelika Schlager<\/a>&nbsp;tambi\u00e9n ofrece una mirada cr\u00edtica sobre nuestra relaci\u00f3n con el medio ambiente con \"Naturaleza con sabor\". Despu\u00e9s, la atenci\u00f3n se centrar\u00e1 directamente en Viena: en una breve presentaci\u00f3n de&nbsp;<a href=\"https:\/\/www.planetmatters.net\/de\/\">Planet Matters<\/a>&nbsp;se abordar\u00e1 la magnitud del desecho de cigarrillos en la ciudad.<\/p>\n<!-- \/wp:paragraph -->\n\n<!-- wp:paragraph -->\n<p>Tambi\u00e9n estar\u00e1 presente&nbsp;Felix Krainer, quien alcanza una gran audiencia con alrededor de tres millones de seguidores en TikTok y ha sido incluido en la selecci\u00f3n de Forbes \"30 Under 30\". El centro de la velada ser\u00e1 la pregunta: \u00bfQu\u00e9 sucede realmente con un filtro de cigarrillo desechado?<\/p>\n<!-- \/wp:paragraph -->\n\n<!-- wp:paragraph -->\n<p><br><a href=\"https:\/\/docs.google.com\/presentation\/d\/1qhjtKYbyBq3Gl5XysOyXVvFRo1fAq50yt16orWWElQY\/edit?slide=id.g35f67572ca7_0_0#slide=id.g35f67572ca7_0_0\">Stella Wittmann de Circular Wien<\/a>&nbsp;informar\u00e1 sobre actividades en Favoriten y en toda Viena. Se tratar\u00e1 especialmente de la reducci\u00f3n de filtros de cigarrillos y de sus efectos t\u00f3xicos sobre la biodiversidad, las aguas subterr\u00e1neas y la salud. Para concluir, se abordar\u00e1 el tema pol\u00edtico y concreto: en una mesa redonda abierta, representantes de la pol\u00edtica y de los distritos se encontrar\u00e1n. Juntos se desarrollar\u00e1n medidas concretas contra el desecho de cigarrillos.<\/p>\n<!-- \/wp:paragraph -->\n\n<!-- wp:paragraph -->\n<p>Adem\u00e1s, los distritos presentar\u00e1n&nbsp;<a href=\"https:\/\/www.google.com\/search?sa=X&amp;sca_esv=f2825a487c38b9a5&amp;sxsrf=APpeQnuxr-7uic1tPdJYDbD7aCQykya6dg:1788303105003&amp;udm=2&amp;fbs=ABfTbFUyxjQn9bne4DuflY2dNqqKA7Y2TZ8Ei_pHfBCsg19GRt9ZjBaAOS24Cp1iemOMNna9MqyyKDV1urQ5u2TremsQ-0jJtzewbpnyfVGTcCytgFyvp7lClfNHbKq5JJuUYP8JBXAWLeZWsqYSfgiGCM6YZSQnF5X4MEG6dtR2_iLlkgUEa8dkhyCn0LY0ETaQFuKxfWlEu5A2ZkfBDx4fXJA2p55AcA&amp;q=taschenascher&amp;ved=2ahUKEwjB4cuavM6WAxWjFhAIHVE7MZoQtKgLegQIEBAB&amp;biw=1280&amp;bih=665&amp;dpr=2\">ceniceros de bolsillo<\/a>&nbsp;\u2013 una forma simple pero pr\u00e1ctica de desechar correctamente las colillas de cigarrillos en el camino. El evento demuestra que la prevenci\u00f3n de residuos no es solo una cuesti\u00f3n de cubos de basura y limpieza. Es una cuesti\u00f3n de&nbsp;protecci\u00f3n del medio ambiente, salud, educaci\u00f3n sobre la conciencia y responsabilidad compartida. El mensaje de la velada es claro:<\/p>\n<!-- \/wp:paragraph -->\n\n<!-- wp:paragraph -->\n<p>Una peque\u00f1a colilla de cigarrillo puede parecer insignificante, pero sus efectos sobre el medio ambiente no lo son. Por ello, Viena quiere mirar m\u00e1s de cerca, crear conciencia y, junto con el arte, la pol\u00edtica y la poblaci\u00f3n, encontrar formas de hacer la ciudad m\u00e1s limpia y el medio ambiente m\u00e1s saludable. Al final, los fabricantes deber\u00e1n pagar la tarifa de recolecci\u00f3n de residuos de las colillas.<\/p>\n<!-- \/wp:paragraph -->\n\n<!-- wp:paragraph -->\n<p><strong>La petici\u00f3n&nbsp;<\/strong><br><a href=\"http:\/\/www.zigarettenpfand.eu\/\">www.zigarettenpfand.eu&nbsp;<\/a>todav\u00eda puede ser firmada en toda la UE.<br><strong>Video :<\/strong>&nbsp;<a href=\"https:\/\/www.youtube.com\/watch?v=NB5BpMiUD8A\">Impacto \u2013 Los filtros de cigarrillos destruyen vidas<\/a>&nbsp;(Duraci\u00f3n 3 min 43)<br><a href=\"https:\/\/www.youtube.com\/watch?v=QLazV-ej9OY\">Muerte de plantas debido a los cigarrillos<\/a><br>(Duraci\u00f3n: 2 min 51)<br><strong>D\u00eda del evento: 26.11.26<a href=\"https:\/\/zigarettenpfand.eu\/\">&nbsp;<\/a><br>Lugar del evento:&nbsp;Sal\u00f3n de Festividades de Favoriten Inicio:&nbsp;18.00 horas<br>Fin 20 horas&nbsp;<\/strong><\/p>\n<!-- \/wp:paragraph -->\n\n<!-- wp:paragraph -->\n<p><strong>Inscripci\u00f3n en: stellawitt1968@gmail.com<\/strong><\/p>\n<!-- \/wp:paragraph -->","_es_post_excerpt":"","_es_post_title":"Alianza de Viena de los luchadores contra los tuertos - Viena declara la guerra a los tuertos - EWWR 2026","_es_post_name":"","edit_language":"de"},"_links":{"self":[{"href":"https:\/\/okitalk.news\/de\/wp-json\/wp\/v2\/okitalk_video\/17281","targetHints":{"allow":["GET"]}}],"collection":[{"href":"https:\/\/okitalk.news\/de\/wp-json\/wp\/v2\/okitalk_video"}],"about":[{"href":"https:\/\/okitalk.news\/de\/wp-json\/wp\/v2\/types\/okitalk_video"}],"replies":[{"embeddable":true,"href":"https:\/\/okitalk.news\/de\/wp-json\/wp\/v2\/comments?post=17281"}],"version-history":[{"count":6,"href":"https:\/\/okitalk.news\/de\/wp-json\/wp\/v2\/okitalk_video\/17281\/revisions"}],"predecessor-version":[{"id":17288,"href":"https:\/\/okitalk.news\/de\/wp-json\/wp\/v2\/okitalk_video\/17281\/revisions\/17288"}],"wp:featuredmedia":[{"embeddable":true,"href":"https:\/\/okitalk.news\/de\/wp-json\/wp\/v2\/media\/17282"}],"wp:attachment":[{"href":"https:\/\/okitalk.news\/de\/wp-json\/wp\/v2\/media?parent=17281"}],"wp:term":[{"taxonomy":"post_tag","embeddable":true,"href":"https:\/\/okitalk.news\/de\/wp-json\/wp\/v2\/tags?post=17281"},{"taxonomy":"okitalk_topic","embeddable":true,"href":"https:\/\/okitalk.news\/de\/wp-json\/wp\/v2\/okitalk_topic?post=17281"},{"taxonomy":"okitalk_guest","embeddable":true,"href":"https:\/\/okitalk.news\/de\/wp-json\/wp\/v2\/okitalk_guest?post=17281"}],"curies":[{"name":"wp","href":"https:\/\/api.w.org\/{rel}","templated":true}]}}